{"id":11199,"date":"2026-04-16T08:56:44","date_gmt":"2026-04-16T08:56:44","guid":{"rendered":"https:\/\/www.vilaradolca.com\/informacijski-vodnik-za-goste\/"},"modified":"2026-08-28T08:37:21","modified_gmt":"2026-08-28T08:37:21","slug":"informacijski-vodnik-za-goste","status":"publish","type":"page","link":"https:\/\/www.vilaradolca.com\/sl\/informacijski-vodnik-za-goste\/","title":{"rendered":"Informacijski vodnik za goste"},"content":{"rendered":"\t\t<div data-elementor-type=\"wp-page\" data-elementor-id=\"11199\" class=\"elementor elementor-11199 elementor-10787\" data-elementor-post-type=\"page\">\n\t\t\t\t\t\t<section class=\"elementor-section elementor-top-section elementor-element elementor-element-2a63112 elementor-section-boxed elementor-section-height-default elementor-section-height-default\" data-id=\"2a63112\" data-element_type=\"section\" data-e-type=\"section\" data-settings=\"{&quot;jet_parallax_layout_list&quot;:[]}\">\n\t\t\t\t\t\t<div class=\"elementor-container elementor-column-gap-default\">\n\t\t\t\t\t<div class=\"elementor-column elementor-col-100 elementor-top-column elementor-element elementor-element-cc06473\" data-id=\"cc06473\" data-element_type=\"column\" data-e-type=\"column\">\n\t\t\t<div class=\"elementor-widget-wrap elementor-element-populated\">\n\t\t\t\t\t\t<div class=\"elementor-element elementor-element-262cf21 elementor-widget elementor-widget-heading\" data-id=\"262cf21\" data-element_type=\"widget\" data-e-type=\"widget\" data-widget_type=\"heading.default\">\n\t\t\t\t<div class=\"elementor-widget-container\">\n\t\t\t\t\t<h2 class=\"elementor-heading-title elementor-size-default\"><br>Prihod in informacije o nastanitvi<\/h2>\t\t\t\t<\/div>\n\t\t\t\t<\/div>\n\t\t\t\t<div class=\"elementor-element elementor-element-fff542b elementor-widget elementor-widget-accordion\" data-id=\"fff542b\" data-element_type=\"widget\" data-e-type=\"widget\" data-widget_type=\"accordion.default\">\n\t\t\t\t<div class=\"elementor-widget-container\">\n\t\t\t\t\t\t\t<div class=\"elementor-accordion\">\n\t\t\t\t\t\t\t<div class=\"elementor-accordion-item\">\n\t\t\t\t\t<div id=\"elementor-tab-title-2681\" class=\"elementor-tab-title\" data-tab=\"1\" role=\"button\" aria-controls=\"elementor-tab-content-2681\" aria-expanded=\"false\">\n\t\t\t\t\t\t\t\t\t\t\t\t\t<span class=\"elementor-accordion-icon elementor-accordion-icon-left\" aria-hidden=\"true\">\n\t\t\t\t\t\t\t\t\t\t\t\t\t\t\t<span class=\"elementor-accordion-icon-closed\"><i class=\"fas fa-plus\"><\/i><\/span>\n\t\t\t\t\t\t\t\t<span class=\"elementor-accordion-icon-opened\"><i class=\"fas fa-minus\"><\/i><\/span>\n\t\t\t\t\t\t\t\t\t\t\t\t\t\t<\/span>\n\t\t\t\t\t\t\t\t\t\t\t\t<a class=\"elementor-accordion-title\" tabindex=\"0\">Parkiri\u0161\u010de<\/a>\n\t\t\t\t\t<\/div>\n\t\t\t\t\t<div id=\"elementor-tab-content-2681\" class=\"elementor-tab-content elementor-clearfix\" data-tab=\"1\" role=\"region\" aria-labelledby=\"elementor-tab-title-2681\"><p dir=\"ltr\">\u00a0<\/p><p><strong>Vila Radolca se nahaja v \u010dudoviti coni, namenjeni izklju\u010dno pe\u0161cem.<\/strong><\/p><p>Do hi\u0161e ni mogo\u010de pripeljati z avtomobilom. Prosimo, uporabite spodaj navedene brezpla\u010dne javne parkiri\u0161\u010da, ki so oddaljena le 3 minute hoje.<br \/><strong>\ud83d\udc49V navigacijski sistem vnesite: Gorenjska cesta 6, Radovljica (glavno mestno parkiri\u0161\u010de) <\/strong><strong><a href=\"https:\/\/maps.app.goo.gl\/34HxdHgS2NZVbgV68\" target=\"_blank\" rel=\"noopener\">povezava do LOKACIJE<\/a><\/strong><\/p><p>\ud83c\udd7f\ufe0f <strong>Mo\u017enost 1:<\/strong> Glavno parkiri\u0161\u010de (Gorenjska cesta 6)<br \/><strong>Kje parkirati:<\/strong> Parkirate lahko v 1. ali 3. vrsti.<br \/><strong>Kako deluje<\/strong>: Parkiranje je brezpla\u010dno, vendar MORATE na list papirja (ali na parkirni disk) napisati \u010das prihoda in ga vidno namestiti na armaturno plo\u0161\u010do. Ko to storite, lahko avto pustite tukaj za celotno trajanje bivanja. <br \/>!!! Vikendi: Neomejeno parkiranje, ni treba vpisovati \u010dasa.<\/p><p>\ud83d\udeab NE PARKIRAJTE v srednji vrsti (rezervirano izklju\u010dno za stanovalce!).<\/p><p>\ud83c\udd7f\ufe0f <strong>Mo\u017enost 2:<\/strong> Druga mo\u017enost brezpla\u010dnega parkiranja (brez \u010dasovnih omejitev)<br \/>\u010ce je glavno parkiri\u0161\u010de polno, se prosimo odpravite na eno od naslednjih bli\u017enjih brezpla\u010dnih parkiri\u0161\u010d:<\/p><ul><li>Kajuhova ulica &#8211; <strong><a href=\"https:\/\/maps.app.goo.gl\/8VeN7rDWxRZB4pUF7\" target=\"_blank\" rel=\"noopener\">povezava do LOKACIJE<\/a><\/strong><\/li><li>\u017delezni\u0161ka postaja &#8211; <strong><a href=\"https:\/\/maps.app.goo.gl\/Ko1GEzpchCdscENd6\" target=\"_blank\" rel=\"noopener\">povezava do LOKACIJE<\/a><\/strong><\/li><li>Pokopali\u0161\u010de &#8211; <strong><a href=\"https:\/\/maps.app.goo.gl\/jHYE2JR5dhvU7VWm7\" target=\"_blank\" rel=\"noopener\">povezava do LOKACIJE<\/a><\/strong><\/li><\/ul><p><strong>\u00a0<\/strong><\/p><p><strong>Motoristi<\/strong><\/p><p data-start=\"370\" data-end=\"676\"><strong data-start=\"370\" data-end=\"511\">Uradno je promet na trgu Linhart prepovedan, kar pomeni, da parkiranje motornih koles neposredno pred stanovanjem ni dovoljeno.<\/strong><br data-start=\"511\" data-end=\"514\" \/>Prosimo, da motorno kolo parkirate na enem od bli\u017enjih brezpla\u010dnih parkiri\u0161\u010d \u2013 na primer na <strong data-start=\"603\" data-end=\"639\">glavnem parkiri\u0161\u010du (Gorenjska cesta 6)<\/strong>, na <strong data-start=\"641\" data-end=\"658\">\u017eelezni\u0161ki postaji<\/strong> ali na <strong data-start=\"663\" data-end=\"675\">pokopali\u0161\u010du<\/strong>.<\/p><p data-start=\"678\" data-end=\"894\">\u010ce se kljub temu odlo\u010dite, da boste motorno kolo pustili na trgu, ga prosimo parkirajte ob robu, da ne bo oviralo pe\u0161cev ali avtomobilov prebivalcev.<br data-start=\"819\" data-end=\"822\" \/>Upo\u0161tevajte, da v tem primeru parkiranje poteka <strong data-start=\"864\" data-end=\"893\">izklju\u010dno na lastno odgovornost<\/strong>.<\/p><\/div>\n\t\t\t\t<\/div>\n\t\t\t\t\t\t\t<div class=\"elementor-accordion-item\">\n\t\t\t\t\t<div id=\"elementor-tab-title-2682\" class=\"elementor-tab-title\" data-tab=\"2\" role=\"button\" aria-controls=\"elementor-tab-content-2682\" aria-expanded=\"false\">\n\t\t\t\t\t\t\t\t\t\t\t\t\t<span class=\"elementor-accordion-icon elementor-accordion-icon-left\" aria-hidden=\"true\">\n\t\t\t\t\t\t\t\t\t\t\t\t\t\t\t<span class=\"elementor-accordion-icon-closed\"><i class=\"fas fa-plus\"><\/i><\/span>\n\t\t\t\t\t\t\t\t<span class=\"elementor-accordion-icon-opened\"><i class=\"fas fa-minus\"><\/i><\/span>\n\t\t\t\t\t\t\t\t\t\t\t\t\t\t<\/span>\n\t\t\t\t\t\t\t\t\t\t\t\t<a class=\"elementor-accordion-title\" tabindex=\"0\">Na\u0161a lokacija<\/a>\n\t\t\t\t\t<\/div>\n\t\t\t\t\t<div id=\"elementor-tab-content-2682\" class=\"elementor-tab-content elementor-clearfix\" data-tab=\"2\" role=\"region\" aria-labelledby=\"elementor-tab-title-2682\"><p>Na\u0161a hi\u0161a se nahaja na koncu trga, na desni strani, napsproti cerkve. Hi\u0161na \u0161tevilka je Linhartov trg 29. Pred hi\u0161o boste videli mizici in stole.<\/p><p><strong><a href=\"https:\/\/maps.app.goo.gl\/EMBnDJf73csuBiWY9\" target=\"_blank\" rel=\"noopener\">Povezava do LOKACIJE<\/a><\/strong><\/p><p>Naslov: Linhartov trg 29, Radovljica<\/p><p><img fetchpriority=\"high\" decoding=\"async\" class=\"alignleft wp-image-10800\" src=\"https:\/\/www.vilaradolca.com\/wp-content\/uploads\/2025\/10\/SAM_7590-scaled-e1759432238945.jpg\" alt=\"\" width=\"300\" height=\"200\" \/><\/p><p><img decoding=\"async\" class=\"alignleft wp-image-10013 size-medium\" src=\"https:\/\/www.vilaradolca.com\/wp-content\/uploads\/2024\/02\/SAM_7588-300x200.jpg\" alt=\"Radovljica, staro mestno jedro\" width=\"300\" height=\"200\" srcset=\"https:\/\/www.vilaradolca.com\/wp-content\/uploads\/2024\/02\/SAM_7588-300x200.jpg 300w, https:\/\/www.vilaradolca.com\/wp-content\/uploads\/2024\/02\/SAM_7588-768x512.jpg 768w, https:\/\/www.vilaradolca.com\/wp-content\/uploads\/2024\/02\/SAM_7588.jpg 800w\" sizes=\"(max-width: 300px) 100vw, 300px\" \/><img decoding=\"async\" class=\"alignnone wp-image-8548\" src=\"https:\/\/www.vilaradolca.com\/wp-content\/uploads\/2023\/10\/DJI_0005-scaled-e1759432688436-300x210.webp\" alt=\"Vila Radolca apartmaji in sobe, Radovljica, Slovenija\" width=\"286\" height=\"200\" srcset=\"https:\/\/www.vilaradolca.com\/wp-content\/uploads\/2023\/10\/DJI_0005-scaled-e1759432688436-300x210.webp 300w, https:\/\/www.vilaradolca.com\/wp-content\/uploads\/2023\/10\/DJI_0005-scaled-e1759432688436-1024x715.webp 1024w, https:\/\/www.vilaradolca.com\/wp-content\/uploads\/2023\/10\/DJI_0005-scaled-e1759432688436-768x536.webp 768w, https:\/\/www.vilaradolca.com\/wp-content\/uploads\/2023\/10\/DJI_0005-scaled-e1759432688436-1536x1073.webp 1536w, https:\/\/www.vilaradolca.com\/wp-content\/uploads\/2023\/10\/DJI_0005-scaled-e1759432688436-2048x1430.webp 2048w\" sizes=\"(max-width: 286px) 100vw, 286px\" \/><\/p><p><a href=\"https:\/\/www.google.com\/maps\/place\/Vila+Radolca+apartments%26rooms\/@46.3402833,14.1751841,18z\/data=!3m1!4b1!4m9!3m8!1s0x477a97ac3dc5c631:0x9d59092eec1070ab!5m2!4m1!1i2!8m2!3d46.3402819!4d14.1761769!16s%2Fg%2F11qg3nqnxn?entry=ttu&amp;g_ep=EgoyMDI1MTExMi4wIKXMDSoASAFQAw%3D%3D\"><img loading=\"lazy\" decoding=\"async\" class=\"alignnone wp-image-11040 size-full\" src=\"https:\/\/www.vilaradolca.com\/wp-content\/uploads\/2025\/11\/Vila-radolca-lokacija-2.jpg\" alt=\"Lokacija starega mestnega jedra Radovljice\" width=\"768\" height=\"512\" srcset=\"https:\/\/www.vilaradolca.com\/wp-content\/uploads\/2025\/11\/Vila-radolca-lokacija-2.jpg 768w, https:\/\/www.vilaradolca.com\/wp-content\/uploads\/2025\/11\/Vila-radolca-lokacija-2-300x200.jpg 300w\" sizes=\"(max-width: 768px) 100vw, 768px\" \/><\/a><\/p><div>\u00a0<\/div><\/div>\n\t\t\t\t<\/div>\n\t\t\t\t\t\t\t<div class=\"elementor-accordion-item\">\n\t\t\t\t\t<div id=\"elementor-tab-title-2683\" class=\"elementor-tab-title\" data-tab=\"3\" role=\"button\" aria-controls=\"elementor-tab-content-2683\" aria-expanded=\"false\">\n\t\t\t\t\t\t\t\t\t\t\t\t\t<span class=\"elementor-accordion-icon elementor-accordion-icon-left\" aria-hidden=\"true\">\n\t\t\t\t\t\t\t\t\t\t\t\t\t\t\t<span class=\"elementor-accordion-icon-closed\"><i class=\"fas fa-plus\"><\/i><\/span>\n\t\t\t\t\t\t\t\t<span class=\"elementor-accordion-icon-opened\"><i class=\"fas fa-minus\"><\/i><\/span>\n\t\t\t\t\t\t\t\t\t\t\t\t\t\t<\/span>\n\t\t\t\t\t\t\t\t\t\t\t\t<a class=\"elementor-accordion-title\" tabindex=\"0\">Self - check - in \/ Samostojna prijava<\/a>\n\t\t\t\t\t<\/div>\n\t\t\t\t\t<div id=\"elementor-tab-content-2683\" class=\"elementor-tab-content elementor-clearfix\" data-tab=\"3\" role=\"region\" aria-labelledby=\"elementor-tab-title-2683\"><p><strong>NAVODILA ZA PREVZEM KLJU\u010cA<\/strong><\/p><p>Va\u0161i klju\u010di so shranjeni v \u0161katljici &#8211; Key-boxu pri vhodnih vratih.<br \/>Za dostop do njih sledite tem korakom:<\/p><p><strong>1.<\/strong> Poi\u0161\u010dite Key-box z oznako \u0161tevilke, ki <strong>smo vam jo poslali v e-po\u0161ti pred prihodom<\/strong>.<\/p><p><strong>2.<\/strong> \u010crn pokrov\u010dek potisnite navzdol, da se odkrije tipkovnica<\/p><p><img loading=\"lazy\" decoding=\"async\" class=\"alignnone size-medium wp-image-10802\" src=\"https:\/\/www.vilaradolca.com\/wp-content\/uploads\/2025\/10\/IMG_20230826_144321-225x300.jpg\" alt=\"\" width=\"225\" height=\"300\" \/><img loading=\"lazy\" decoding=\"async\" class=\"alignnone wp-image-10804 size-medium\" src=\"https:\/\/www.vilaradolca.com\/wp-content\/uploads\/2025\/10\/IMG_20230826_144346-scaled-e1759434519184-211x300.jpg\" alt=\"\" width=\"211\" height=\"300\" srcset=\"https:\/\/www.vilaradolca.com\/wp-content\/uploads\/2025\/10\/IMG_20230826_144346-scaled-e1759434519184-211x300.jpg 211w, https:\/\/www.vilaradolca.com\/wp-content\/uploads\/2025\/10\/IMG_20230826_144346-scaled-e1759434519184.jpg 281w\" sizes=\"(max-width: 211px) 100vw, 211px\" \/><\/p><p><strong>3.<\/strong> Zavrtite \u0161tevilke na \u0161tevil\u010dnici za vnos kode, ki <strong>smo vam jo poslali v mailu pred prihodom.<\/strong><\/p><p><strong>4.<\/strong> Na levi strani je \u010drn gumbek, ki ga potisnete navzdol in pokrov\u010dek Key-boxa se bo odprl.<\/p><p><img loading=\"lazy\" decoding=\"async\" class=\"alignnone wp-image-10808\" style=\"font-size: 1rem;\" src=\"https:\/\/www.vilaradolca.com\/wp-content\/uploads\/2025\/10\/6.png\" alt=\"\" width=\"355\" height=\"426\" \/><img loading=\"lazy\" decoding=\"async\" class=\"alignnone wp-image-10810\" src=\"https:\/\/www.vilaradolca.com\/wp-content\/uploads\/2025\/10\/7.png\" alt=\"\" width=\"355\" height=\"423\" \/><\/p><p><strong>5.<\/strong> Vzemite va\u0161 klju\u010d in zaprite Key-box.<\/p><p>En klju\u010d je za glavni vhod, drugi klju\u010d pa je za va\u0161 apartma\/sobo.<\/p><\/div>\n\t\t\t\t<\/div>\n\t\t\t\t\t\t\t<div class=\"elementor-accordion-item\">\n\t\t\t\t\t<div id=\"elementor-tab-title-2684\" class=\"elementor-tab-title\" data-tab=\"4\" role=\"button\" aria-controls=\"elementor-tab-content-2684\" aria-expanded=\"false\">\n\t\t\t\t\t\t\t\t\t\t\t\t\t<span class=\"elementor-accordion-icon elementor-accordion-icon-left\" aria-hidden=\"true\">\n\t\t\t\t\t\t\t\t\t\t\t\t\t\t\t<span class=\"elementor-accordion-icon-closed\"><i class=\"fas fa-plus\"><\/i><\/span>\n\t\t\t\t\t\t\t\t<span class=\"elementor-accordion-icon-opened\"><i class=\"fas fa-minus\"><\/i><\/span>\n\t\t\t\t\t\t\t\t\t\t\t\t\t\t<\/span>\n\t\t\t\t\t\t\t\t\t\t\t\t<a class=\"elementor-accordion-title\" tabindex=\"0\">Check - out \/ Odhod<\/a>\n\t\t\t\t\t<\/div>\n\t\t\t\t\t<div id=\"elementor-tab-content-2684\" class=\"elementor-tab-content elementor-clearfix\" data-tab=\"4\" role=\"region\" aria-labelledby=\"elementor-tab-title-2684\"><p>1. Check-out \/ odjava je okrog 10:00. \u010ce \u017eelite kasnej\u0161i odhod, nas prosimo kontaktirajte.<\/p><p>2. <strong>\u010ce ste rezervacijo prek Booking.com, Expedia ali Hotels.com opravili pred 10. aprilom 2026<\/strong>, mestne takse niso vklju\u010dene v ceno in jih je treba pla\u010dati v gotovini pred odhodom:<\/p><ul><li>2,5\u20ac na osebo na no\u010d<\/li><li>1,25\u20ac na otroka na no\u010d, starost 7\u201318 let<\/li><\/ul><p>Prosim pustite zgoraj omenjen znesek v v sobi na mizi. Zahvaljujemo se vam za razumevanje.<\/p><p>\u010ce ste rezervacijo opravili <strong>po 10. aprilu 2026<\/strong>, je turisti\u010dna taksa \u017ee vklju\u010dena v ceno no\u010ditve in pla\u010dana.<\/p><p>3. Pred odhodom:<\/p><ul><li>Klju\u010d pustite na mizi v apartmaju\/sobi<\/li><li>Zaprite vrata za sabo<\/li><\/ul><\/div>\n\t\t\t\t<\/div>\n\t\t\t\t\t\t\t<div class=\"elementor-accordion-item\">\n\t\t\t\t\t<div id=\"elementor-tab-title-2685\" class=\"elementor-tab-title\" data-tab=\"5\" role=\"button\" aria-controls=\"elementor-tab-content-2685\" aria-expanded=\"false\">\n\t\t\t\t\t\t\t\t\t\t\t\t\t<span class=\"elementor-accordion-icon elementor-accordion-icon-left\" aria-hidden=\"true\">\n\t\t\t\t\t\t\t\t\t\t\t\t\t\t\t<span class=\"elementor-accordion-icon-closed\"><i class=\"fas fa-plus\"><\/i><\/span>\n\t\t\t\t\t\t\t\t<span class=\"elementor-accordion-icon-opened\"><i class=\"fas fa-minus\"><\/i><\/span>\n\t\t\t\t\t\t\t\t\t\t\t\t\t\t<\/span>\n\t\t\t\t\t\t\t\t\t\t\t\t<a class=\"elementor-accordion-title\" tabindex=\"0\">Zajtrk<\/a>\n\t\t\t\t\t<\/div>\n\t\t\t\t\t<div id=\"elementor-tab-content-2685\" class=\"elementor-tab-content elementor-clearfix\" data-tab=\"5\" role=\"region\" aria-labelledby=\"elementor-tab-title-2685\"><p><strong>\u010cE STE REZERVIRALI STORITEV NO\u010cITEV Z ZAJTRKOM<\/strong><\/p><p>Prejeli boste ko\u0161arico, napolnjeno z dobrotami lokalnih kmetij in proizvajalcev:<\/p><ul><li>sve\u017ee pe\u010den kruh in roglji\u010di<\/li><li>dnevno sve\u017ee pasterizirano mleko<\/li><li>jogurt razli\u010dnih okusov<\/li><li>maslo in sir<\/li><li>kuhana sve\u017ea jajca<\/li><li>doma\u010da goveja \/ svinjska salama<\/li><li>med in marmelada<\/li><li>sve\u017ee sezonsko sadje<\/li><li>doma\u010da granola s \u010dokolado, sadjem ali ore\u0161\u010dki<\/li><li>doma\u010d sok<\/li><\/ul><p>Brez glutena &amp; vegetarijanske mo\u017enosti OB PREDHODNI NAJAVI<\/p><p>Prosim sporo\u010dite na, kdaj okvirno \u017eelite imeti dostavo zajtrka:<\/p><ul><li>8.<span class=\"gmail_default\">30 <\/span>&#8211; 9.00<\/li><li>9 .00 &#8211; 10.00<\/li><li>10.00 &#8211; 11.00<\/li><\/ul><p>\u010ce nam ne sporo\u010dite \u017eeljene ure, bomo zajtrk naro\u010dili za ob 8.30-9.00<\/p><p>Zajtrk pa lahko prevzamete tudi sami na Bledu, med 7:00 in 7:30.<\/p><p><strong>\u010cE \u017dELITE ZAJTRK NARO\u010cITI DODATNO<\/strong><\/p><p>Dopla\u010dilo za zajtrk zna\u0161a 18\u20ac na osebo.<\/p><p>Lahko pa vam organiziramo vrhunski zajtrk v <a href=\"https:\/\/www.hisalinhart.si\/\"><strong>restavraciji Hi\u0161a Linhart<\/strong><\/a>, proti dopla\u010dilu \u20ac25 na osebo.<\/p><\/div>\n\t\t\t\t<\/div>\n\t\t\t\t\t\t\t<div class=\"elementor-accordion-item\">\n\t\t\t\t\t<div id=\"elementor-tab-title-2686\" class=\"elementor-tab-title\" data-tab=\"6\" role=\"button\" aria-controls=\"elementor-tab-content-2686\" aria-expanded=\"false\">\n\t\t\t\t\t\t\t\t\t\t\t\t\t<span class=\"elementor-accordion-icon elementor-accordion-icon-left\" aria-hidden=\"true\">\n\t\t\t\t\t\t\t\t\t\t\t\t\t\t\t<span class=\"elementor-accordion-icon-closed\"><i class=\"fas fa-plus\"><\/i><\/span>\n\t\t\t\t\t\t\t\t<span class=\"elementor-accordion-icon-opened\"><i class=\"fas fa-minus\"><\/i><\/span>\n\t\t\t\t\t\t\t\t\t\t\t\t\t\t<\/span>\n\t\t\t\t\t\t\t\t\t\t\t\t<a class=\"elementor-accordion-title\" tabindex=\"0\">Hi\u0161ni Ljubljen\u010dki<\/a>\n\t\t\t\t\t<\/div>\n\t\t\t\t\t<div id=\"elementor-tab-content-2686\" class=\"elementor-tab-content elementor-clearfix\" data-tab=\"6\" role=\"region\" aria-labelledby=\"elementor-tab-title-2686\"><p>Hi\u0161ni ljubljen\u010dki so dobrodo\u0161li ob predhodnem obvestilu.<br data-start=\"144\" data-end=\"147\" \/>Za vsakega hi\u0161nega ljubljen\u010dka se zara\u010duna dopla\u010dilo v vi\u0161ini <strong>20 \u20ac<\/strong> na bivanje, ki ga poravnate ob prihodu.<\/p><p>Prosimo, da je hi\u0161ni ljubljen\u010dek izrecno na tleh in ne na postelji ali oblazinjenem pohi\u0161tvu. Prosimo, da ga \u010de\u0161ete v kopalnici. Hvala.<\/p><\/div>\n\t\t\t\t<\/div>\n\t\t\t\t\t\t\t<div class=\"elementor-accordion-item\">\n\t\t\t\t\t<div id=\"elementor-tab-title-2687\" class=\"elementor-tab-title\" data-tab=\"7\" role=\"button\" aria-controls=\"elementor-tab-content-2687\" aria-expanded=\"false\">\n\t\t\t\t\t\t\t\t\t\t\t\t\t<span class=\"elementor-accordion-icon elementor-accordion-icon-left\" aria-hidden=\"true\">\n\t\t\t\t\t\t\t\t\t\t\t\t\t\t\t<span class=\"elementor-accordion-icon-closed\"><i class=\"fas fa-plus\"><\/i><\/span>\n\t\t\t\t\t\t\t\t<span class=\"elementor-accordion-icon-opened\"><i class=\"fas fa-minus\"><\/i><\/span>\n\t\t\t\t\t\t\t\t\t\t\t\t\t\t<\/span>\n\t\t\t\t\t\t\t\t\t\t\t\t<a class=\"elementor-accordion-title\" tabindex=\"0\">Otro\u0161ka posteljica<\/a>\n\t\t\t\t\t<\/div>\n\t\t\t\t\t<div id=\"elementor-tab-content-2687\" class=\"elementor-tab-content elementor-clearfix\" data-tab=\"7\" role=\"region\" aria-labelledby=\"elementor-tab-title-2687\"><p>Na zahtevo in glede na razpolo\u017eljivost vam nudimo otro\u0161ko posteljico.<br data-start=\"149\" data-end=\"152\" \/>Dopla\u010dilo zna\u0161a <strong>15 \u20ac<\/strong> na bivanje.<\/p><\/div>\n\t\t\t\t<\/div>\n\t\t\t\t\t\t\t<div class=\"elementor-accordion-item\">\n\t\t\t\t\t<div id=\"elementor-tab-title-2688\" class=\"elementor-tab-title\" data-tab=\"8\" role=\"button\" aria-controls=\"elementor-tab-content-2688\" aria-expanded=\"false\">\n\t\t\t\t\t\t\t\t\t\t\t\t\t<span class=\"elementor-accordion-icon elementor-accordion-icon-left\" aria-hidden=\"true\">\n\t\t\t\t\t\t\t\t\t\t\t\t\t\t\t<span class=\"elementor-accordion-icon-closed\"><i class=\"fas fa-plus\"><\/i><\/span>\n\t\t\t\t\t\t\t\t<span class=\"elementor-accordion-icon-opened\"><i class=\"fas fa-minus\"><\/i><\/span>\n\t\t\t\t\t\t\t\t\t\t\t\t\t\t<\/span>\n\t\t\t\t\t\t\t\t\t\t\t\t<a class=\"elementor-accordion-title\" tabindex=\"0\">Hramba koles<\/a>\n\t\t\t\t\t<\/div>\n\t\t\t\t\t<div id=\"elementor-tab-content-2688\" class=\"elementor-tab-content elementor-clearfix\" data-tab=\"8\" role=\"region\" aria-labelledby=\"elementor-tab-title-2688\"><p>Nimamo prostora za hrambo koles, zato \u010dez dan zaklenite kolesa na stojala za kolesa zunaj na trgu. \u010cez no\u010d, pa prestavite kolega notri na na\u0161 hodnik in zaklenite vhodna vrata.<\/p><\/div>\n\t\t\t\t<\/div>\n\t\t\t\t\t\t\t<div class=\"elementor-accordion-item\">\n\t\t\t\t\t<div id=\"elementor-tab-title-2689\" class=\"elementor-tab-title\" data-tab=\"9\" role=\"button\" aria-controls=\"elementor-tab-content-2689\" aria-expanded=\"false\">\n\t\t\t\t\t\t\t\t\t\t\t\t\t<span class=\"elementor-accordion-icon elementor-accordion-icon-left\" aria-hidden=\"true\">\n\t\t\t\t\t\t\t\t\t\t\t\t\t\t\t<span class=\"elementor-accordion-icon-closed\"><i class=\"fas fa-plus\"><\/i><\/span>\n\t\t\t\t\t\t\t\t<span class=\"elementor-accordion-icon-opened\"><i class=\"fas fa-minus\"><\/i><\/span>\n\t\t\t\t\t\t\t\t\t\t\t\t\t\t<\/span>\n\t\t\t\t\t\t\t\t\t\t\t\t<a class=\"elementor-accordion-title\" tabindex=\"0\">O studiu \/ apartmaju (#1, #2, #3, #5)<\/a>\n\t\t\t\t\t<\/div>\n\t\t\t\t\t<div id=\"elementor-tab-content-2689\" class=\"elementor-tab-content elementor-clearfix\" data-tab=\"9\" role=\"region\" aria-labelledby=\"elementor-tab-title-2689\"><ul><li>Voda je pitna<\/li><li>Prosim lo\u010dujte odpadke, vsaj embala\u017eo in organske odpadke. Hvala.<\/li><li>Kuhinja je opremljena z espresso avtomatom, kavne kapsule in \u010daj boste na\u0161li v \u0161katli v kuhinji.<\/li><li>Ogrevanje (IR paneli) lahko prilagodite na termostatu na steni pri vratih.<\/li><li>Su\u0161ilnik las je v omari v kopalnici.<\/li><li>Nimamo klimatske naprave &#8211; priporo\u010damo, da \u010dez dan zagrnete zavese in v kopalnici pustite pri\u017egan ventilator.<\/li><li><p>Vodo uporabljajte preudarno. \u010ce v bojlerju zmanjka vode, lahko traja do 2 uri, da se ponovno segreje.<\/p><\/li><\/ul><\/div>\n\t\t\t\t<\/div>\n\t\t\t\t\t\t\t<div class=\"elementor-accordion-item\">\n\t\t\t\t\t<div id=\"elementor-tab-title-26810\" class=\"elementor-tab-title\" data-tab=\"10\" role=\"button\" aria-controls=\"elementor-tab-content-26810\" aria-expanded=\"false\">\n\t\t\t\t\t\t\t\t\t\t\t\t\t<span class=\"elementor-accordion-icon elementor-accordion-icon-left\" aria-hidden=\"true\">\n\t\t\t\t\t\t\t\t\t\t\t\t\t\t\t<span class=\"elementor-accordion-icon-closed\"><i class=\"fas fa-plus\"><\/i><\/span>\n\t\t\t\t\t\t\t\t<span class=\"elementor-accordion-icon-opened\"><i class=\"fas fa-minus\"><\/i><\/span>\n\t\t\t\t\t\t\t\t\t\t\t\t\t\t<\/span>\n\t\t\t\t\t\t\t\t\t\t\t\t<a class=\"elementor-accordion-title\" tabindex=\"0\">O sobi (#4)<\/a>\n\t\t\t\t\t<\/div>\n\t\t\t\t\t<div id=\"elementor-tab-content-26810\" class=\"elementor-tab-content elementor-clearfix\" data-tab=\"10\" role=\"region\" aria-labelledby=\"elementor-tab-title-26810\"><ul><li>Voda je pitna<\/li><li>V sobi je espresso avtomat, kavne kapsule in \u010dajne vre\u010dke boste na\u0161li v \u0161katli na mizi.<\/li><li>Su\u0161ilnik las je v omari v kopalnici.<\/li><li>Nimamo klimatske naprave &#8211; pripro\u010damo, da \u010dez dan zagrnete zavese in pustite pri\u017egan ventilator v kopalnici.<\/li><li>V skrinji boste na\u0161li manj\u0161i hladilnik.<\/li><li>Skodelice, kozarci, pribor boste na\u0161li v kopalnici.<\/li><li><p>Vodo uporabljajte preudarno. \u010ce v bojlerju zmanjka vode, lahko traja do 2 uri, da se ponovno segreje.<\/p><\/li><\/ul><\/div>\n\t\t\t\t<\/div>\n\t\t\t\t\t\t\t<div class=\"elementor-accordion-item\">\n\t\t\t\t\t<div id=\"elementor-tab-title-26811\" class=\"elementor-tab-title\" data-tab=\"11\" role=\"button\" aria-controls=\"elementor-tab-content-26811\" aria-expanded=\"false\">\n\t\t\t\t\t\t\t\t\t\t\t\t\t<span class=\"elementor-accordion-icon elementor-accordion-icon-left\" aria-hidden=\"true\">\n\t\t\t\t\t\t\t\t\t\t\t\t\t\t\t<span class=\"elementor-accordion-icon-closed\"><i class=\"fas fa-plus\"><\/i><\/span>\n\t\t\t\t\t\t\t\t<span class=\"elementor-accordion-icon-opened\"><i class=\"fas fa-minus\"><\/i><\/span>\n\t\t\t\t\t\t\t\t\t\t\t\t\t\t<\/span>\n\t\t\t\t\t\t\t\t\t\t\t\t<a class=\"elementor-accordion-title\" tabindex=\"0\">Na\u0161e posebne ponudbe<\/a>\n\t\t\t\t\t<\/div>\n\t\t\t\t\t<div id=\"elementor-tab-content-26811\" class=\"elementor-tab-content elementor-clearfix\" data-tab=\"11\" role=\"region\" aria-labelledby=\"elementor-tab-title-26811\"><p><strong>Preverite Posebno ponudbo za \u0161e ve\u010dje udobje in pristno do\u017eivetje Radovljice:<\/strong><\/p><ul><li>Za skupine<\/li><li>Mese\u010dna bivanja<\/li><li>Bivajte 3 no\u010di ali ve\u010d in prihranite 23%<\/li><li><a href=\"https:\/\/www.vilaradolca.com\/sl\/posebna-ponudba\/\" target=\"_blank\" rel=\"noopener\"><b>preverite ve\u010d ponudbe TUKAJ<\/b><\/a><\/li><li>ali nas kontaktirajte za prilagojeno ponudbo<\/li><\/ul><\/div>\n\t\t\t\t<\/div>\n\t\t\t\t\t\t\t\t<\/div>\n\t\t\t\t\t\t<\/div>\n\t\t\t\t<\/div>\n\t\t\t\t<div class=\"elementor-element elementor-element-af11969 elementor-widget elementor-widget-heading\" data-id=\"af11969\" data-element_type=\"widget\" data-e-type=\"widget\" data-widget_type=\"heading.default\">\n\t\t\t\t<div class=\"elementor-widget-container\">\n\t\t\t\t\t<h2 class=\"elementor-heading-title elementor-size-default\">Radovljica - ideje<\/h2>\t\t\t\t<\/div>\n\t\t\t\t<\/div>\n\t\t\t\t<div class=\"elementor-element elementor-element-29df825 elementor-widget elementor-widget-accordion\" data-id=\"29df825\" data-element_type=\"widget\" data-e-type=\"widget\" data-widget_type=\"accordion.default\">\n\t\t\t\t<div class=\"elementor-widget-container\">\n\t\t\t\t\t\t\t<div class=\"elementor-accordion\">\n\t\t\t\t\t\t\t<div class=\"elementor-accordion-item\">\n\t\t\t\t\t<div id=\"elementor-tab-title-4391\" class=\"elementor-tab-title\" data-tab=\"1\" role=\"button\" aria-controls=\"elementor-tab-content-4391\" aria-expanded=\"false\">\n\t\t\t\t\t\t\t\t\t\t\t\t\t<span class=\"elementor-accordion-icon elementor-accordion-icon-left\" aria-hidden=\"true\">\n\t\t\t\t\t\t\t\t\t\t\t\t\t\t\t<span class=\"elementor-accordion-icon-closed\"><i class=\"fas fa-plus\"><\/i><\/span>\n\t\t\t\t\t\t\t\t<span class=\"elementor-accordion-icon-opened\"><i class=\"fas fa-minus\"><\/i><\/span>\n\t\t\t\t\t\t\t\t\t\t\t\t\t\t<\/span>\n\t\t\t\t\t\t\t\t\t\t\t\t<a class=\"elementor-accordion-title\" tabindex=\"0\">Kaj po\u010deti, kaj videti<\/a>\n\t\t\t\t\t<\/div>\n\t\t\t\t\t<div id=\"elementor-tab-content-4391\" class=\"elementor-tab-content elementor-clearfix\" data-tab=\"1\" role=\"region\" aria-labelledby=\"elementor-tab-title-4391\"><ul>\n<li><strong>\u010cebelarski<\/strong> muzej <strong><a href=\"https:\/\/mro.si\/en\" target=\"_blank\" rel=\"noopener\">ve\u010d informacij<\/a><\/strong><\/li>\n<li><strong>Lekarna in Alkimisti\u010dni<\/strong> muzej <strong><a href=\"https:\/\/www.mioba.si\/lekarniski-muzej\" target=\"_blank\" rel=\"noopener\">ve\u010d informacij<\/a><\/strong><\/li>\n<li>Trgovina s <strong>\u010dokolado<\/strong> <strong><a href=\"https:\/\/www.radolska-cokolada.com\/\" target=\"_blank\" rel=\"noopener\">ve\u010d informacij<\/a><\/strong><\/li>\n<li>Degustacija vin v vinskem <strong>baru Sod\u010dek <a href=\"https:\/\/vinoteka-sodcek.si\/\" target=\"_blank\" rel=\"noopener\">ve\u010d informacij<\/a><\/strong><\/li>\n<li><strong>Cerkev <\/strong> svetega Petra  <\/li>\n<li>Sprehodite se po starem mestu in poi\u0161\u010dite srednjeve\u0161ki mestni jarek<\/li>\n<li>Delavnica in muzej <strong>Lectar<\/strong> &#8211; Tradicionalni medenjaki <strong><a href=\"https:\/\/www.lectar.com\/museum\/\" target=\"_blank\" rel=\"noopener\">ve\u010d informacij<\/a><\/strong><\/li>\n<li><strong>Manfaktura<\/strong> \u2013 Ro\u010dno izdelana keramika<\/li>\n<li><strong>Hi\u0161a Linhart<\/strong> &#8211; Fine Dinin z Michelinovo zvezdico <strong><a href=\"https:\/\/www.hisalinhart.si\/en\/\" target=\"_blank\" rel=\"noopener\">ve\u010d informacij<\/a><\/strong><\/li>\n<li><strong>Kropa<\/strong> &#8211; vasica s kova\u0161ko tradicijo<\/li>\n<li>Vas <strong>Brezje<\/strong> &#8211; Muzej jaslic in romarski kraj <strong><a href=\"https:\/\/marija.si\/dozivite-brezje\/muzej-jaslic\/\" target=\"_blank\" rel=\"noopener\">ve\u010d informacij<\/a><\/strong><\/li>\n<li><strong>Begunje<\/strong> &#8211; Glasbeni muzej Avsenik <strong><a href=\"https:\/\/www.avsenik.com\/de\/avsenik-generationen\" target=\"_blank\" rel=\"noopener\">ve\u010d informacij<\/a><\/strong><\/li>\n<li><strong>Muzej Elan<\/strong> &#8211; Zgodba o kultni slovenski smu\u010darski znamki <strong><a href=\"https:\/\/museum.elanskis.com\/\" target=\"_blank\" rel=\"noopener\">ve\u010d informacij<\/a><\/strong><\/li>\n<li><strong>Dogodki<\/strong> &#8211; <strong><a href=\"https:\/\/www.radolca.si\/sl\/kulinarika\/kulinaricna-jesen\" target=\"_blank\" rel=\"noopener\">ve\u010d informacij<\/a><\/strong><\/li>\n<\/ul>\n<p><strong><a href=\"https:\/\/www.radolca.si\/en\/attractions\/radovljica-old-town\" target=\"_blank\" rel=\"noopener\">CLI<\/a><a href=\"https:\/\/www.radolca.si\/en\/attractions\/radovljica-old-town\" target=\"_blank\" rel=\"noopener\">CK TUKAJ ZA VE\u010c INFORMACIJ O RADOVLJICI IN OKOLICI<\/a><\/strong><\/p>\n<\/div>\n\t\t\t\t<\/div>\n\t\t\t\t\t\t\t<div class=\"elementor-accordion-item\">\n\t\t\t\t\t<div id=\"elementor-tab-title-4392\" class=\"elementor-tab-title\" data-tab=\"2\" role=\"button\" aria-controls=\"elementor-tab-content-4392\" aria-expanded=\"false\">\n\t\t\t\t\t\t\t\t\t\t\t\t\t<span class=\"elementor-accordion-icon elementor-accordion-icon-left\" aria-hidden=\"true\">\n\t\t\t\t\t\t\t\t\t\t\t\t\t\t\t<span class=\"elementor-accordion-icon-closed\"><i class=\"fas fa-plus\"><\/i><\/span>\n\t\t\t\t\t\t\t\t<span class=\"elementor-accordion-icon-opened\"><i class=\"fas fa-minus\"><\/i><\/span>\n\t\t\t\t\t\t\t\t\t\t\t\t\t\t<\/span>\n\t\t\t\t\t\t\t\t\t\t\t\t<a class=\"elementor-accordion-title\" tabindex=\"0\">Restavracije, kavarne in bari<\/a>\n\t\t\t\t\t<\/div>\n\t\t\t\t\t<div id=\"elementor-tab-content-4392\" class=\"elementor-tab-content elementor-clearfix\" data-tab=\"2\" role=\"region\" aria-labelledby=\"elementor-tab-title-4392\"><p><strong>KULINARIKA V RADOVLJICI<\/strong><\/p>\n<p><strong>Dosegljivo pe\u0161:<\/strong><\/p>\n<ul>\n<li>Hi\u0161a Linhart &#8211; z Michelinovo zvezdico <strong><a href=\"https:\/\/www.hisalinhart.si\/en\/\" target=\"_blank\" rel=\"noopener\">ve\u010d informacij<\/a><\/strong><\/li>\n<li>Gostilna Avgu\u0161tin &#8211; Slovenski klasiki <strong><a href=\"https:\/\/gostilna-avgustin.si\/\" target=\"_blank\" rel=\"noopener\">ve\u010d informacij<\/a><\/strong><\/li>\n<li>Gotilna Kunstelj &#8211; S panoramsko teraso <strong><a href=\"https:\/\/www.kunstelj.si\/en\/\" target=\"_blank\" rel=\"noopener\">ve\u010d informacij<\/a><\/strong><\/li>\n<li>Grajski Dvor &#8211; Doma\u010da kuhinja <strong><a href=\"https:\/\/grajska-gostilnica.si\/\" target=\"_blank\" rel=\"noopener\">ve\u010d informacij<\/a><\/strong><\/li>\n<li>Pizzeria Baffi &#8211; Odli\u010dno za dru\u017eine <strong><a href=\"https:\/\/www.baffi.si\/\" target=\"_blank\" rel=\"noopener\">ve\u010d informacij<\/a><\/strong><\/li>\n<li>Bistro Obla &#8211; dnevno kosilo <strong><a href=\"https:\/\/www.bistro-obla.com\/\" target=\"_blank\" rel=\"noopener\">ve\u010d informacij<\/a><\/strong><\/li>\n<li>Zgodba &#8211; Lounge bar<\/li>\n<li>Roza Slon &#8211; Tajska hrana<\/li>\n<li>Okrep\u010devalnica La\u010dni Franz &#8211; Hitra prehrana<\/li>\n<li>Okrep\u010devalnica Mala Malca &#8211; Hitra prehrana<\/li>\n<li>Pizzerija Mati\u010dek<\/li>\n<\/ul>\n<p><strong>Prigrizki &amp; Pija\u010da:<\/strong><\/p>\n<ul>\n<li>Linhartov hram \u2013 Odli\u010dna kava in pivo<\/li>\n<li>Vinoteka Sod\u010dek &#8211; Degustacija vin <strong><a href=\"https:\/\/vinoteka-sodcek.si\/\" target=\"_blank\" rel=\"noopener\">ve\u010d informacij<\/a><\/strong><\/li>\n<li>Vidic kavarna \u2013 Doma\u010d sladoled in sladice<\/li>\n<\/ul>\n<p><strong>Restavracije v bli\u017eini:<\/strong><\/p>\n<ul>\n<li>Tulipan <strong><a href=\"https:\/\/www.tulipan-azman.si\/en\/\" target=\"_blank\" rel=\"noopener\">ve\u010d informacij<\/a><\/strong><\/li>\n<li>Le\u0161\u010dan <strong><a href=\"https:\/\/lescan.si\/en\/home-2\/\" target=\"_blank\" rel=\"noopener\">ve\u010d informacij<\/a><\/strong><\/li>\n<li>Gosti\u0161\u010de Draga <strong><a href=\"https:\/\/www.gostisce-draga.si\/en\/home\/\" target=\"_blank\" rel=\"noopener\">ve\u010d informacij<\/a><\/strong><\/li>\n<li>Restavracija \u0160obec <strong><a href=\"https:\/\/www.restavracija-sobec.si\/\" target=\"_blank\" rel=\"noopener\">ve\u010d informacij<\/a><\/strong><\/li>\n<li>Tabor &#8211; Odli\u010dna morska hrana <strong><a href=\"https:\/\/www.restavracija-tabor.si\/en\/\" target=\"_blank\" rel=\"noopener\">ve\u010d informacij<\/a><\/strong><\/li>\n<li>Manu <strong><a href=\"https:\/\/www.restavracija-manu.com\/en\" target=\"_blank\" rel=\"noopener\">ve\u010d informacij<\/a><\/strong><\/li>\n<li>Penzion Berc <strong><a href=\"https:\/\/www.penzion-berc.si\/en\/steakhouse\/\" target=\"_blank\" rel=\"noopener\">ve\u010d informacij<\/a><\/strong><\/li>\n<li>Najstarej\u0161a klet na Bledu <strong><a href=\"https:\/\/www.charming-bled.com\/en\/the-oldest-bled-cellar\/?utm_source=mybusiness&amp;utm_medium=organic&amp;utm_campaign=GMB_theoldestbledcellar\" target=\"_blank\" rel=\"noopener\">ve\u010d informacij<\/a><\/strong><\/li>\n<li>Gostilna Avsenik <strong><a href=\"https:\/\/www.avsenik.com\/de\/gasthaus-und-restaurant\" target=\"_blank\" rel=\"noopener\">ve\u010d informacij<\/a><\/strong><\/li>\n<\/ul>\n<\/div>\n\t\t\t\t<\/div>\n\t\t\t\t\t\t\t<div class=\"elementor-accordion-item\">\n\t\t\t\t\t<div id=\"elementor-tab-title-4393\" class=\"elementor-tab-title\" data-tab=\"3\" role=\"button\" aria-controls=\"elementor-tab-content-4393\" aria-expanded=\"false\">\n\t\t\t\t\t\t\t\t\t\t\t\t\t<span class=\"elementor-accordion-icon elementor-accordion-icon-left\" aria-hidden=\"true\">\n\t\t\t\t\t\t\t\t\t\t\t\t\t\t\t<span class=\"elementor-accordion-icon-closed\"><i class=\"fas fa-plus\"><\/i><\/span>\n\t\t\t\t\t\t\t\t<span class=\"elementor-accordion-icon-opened\"><i class=\"fas fa-minus\"><\/i><\/span>\n\t\t\t\t\t\t\t\t\t\t\t\t\t\t<\/span>\n\t\t\t\t\t\t\t\t\t\t\t\t<a class=\"elementor-accordion-title\" tabindex=\"0\">Hi\u0161a Linhart - nagrajena z Michelinovo zvezdico<\/a>\n\t\t\t\t\t<\/div>\n\t\t\t\t\t<div id=\"elementor-tab-content-4393\" class=\"elementor-tab-content elementor-clearfix\" data-tab=\"3\" role=\"region\" aria-labelledby=\"elementor-tab-title-4393\"><p>Rezervirajte mizo <strong><a href=\"https:\/\/www.hisalinhart.si\/en\/restaurant\">TUKAJ<\/a><\/strong>:<\/p>\n<ul>\n<li>Zajtrk in Brunch meni<\/li>\n<li>Kosilo | Bistro meni od torka do nedelje, 12:00 &#8211; 15:00<\/li>\n<li>Chefov meni | 9, 7 ali 5 &#8211; hodni meni<\/li>\n<\/ul>\n<\/div>\n\t\t\t\t<\/div>\n\t\t\t\t\t\t\t<div class=\"elementor-accordion-item\">\n\t\t\t\t\t<div id=\"elementor-tab-title-4394\" class=\"elementor-tab-title\" data-tab=\"4\" role=\"button\" aria-controls=\"elementor-tab-content-4394\" aria-expanded=\"false\">\n\t\t\t\t\t\t\t\t\t\t\t\t\t<span class=\"elementor-accordion-icon elementor-accordion-icon-left\" aria-hidden=\"true\">\n\t\t\t\t\t\t\t\t\t\t\t\t\t\t\t<span class=\"elementor-accordion-icon-closed\"><i class=\"fas fa-plus\"><\/i><\/span>\n\t\t\t\t\t\t\t\t<span class=\"elementor-accordion-icon-opened\"><i class=\"fas fa-minus\"><\/i><\/span>\n\t\t\t\t\t\t\t\t\t\t\t\t\t\t<\/span>\n\t\t\t\t\t\t\t\t\t\t\t\t<a class=\"elementor-accordion-title\" tabindex=\"0\">\u010cokoladnica Radol\u0161ka \u010dokolada - degustacija - delavnica<\/a>\n\t\t\t\t\t<\/div>\n\t\t\t\t\t<div id=\"elementor-tab-content-4394\" class=\"elementor-tab-content elementor-clearfix\" data-tab=\"4\" role=\"region\" aria-labelledby=\"elementor-tab-title-4394\"><\/p>\n<p><strong>Obi\u0161\u010dite najslaj\u0161o buti\u010dno trgovino &#8211; \u010cokoladnico <\/strong><strong><a href=\"https:\/\/www.radolska-cokolada.com\/\">RADOL\u0160KA \u010cOKOLADA<\/a><\/strong><\/p>\n<p>Ali rezervirajte svojo \u010dokoladno izku\u0161njo!<\/p>\n<p><strong>VODENA DEGUSTACIJA<\/strong><br \/>Interaktivno popotovanje v svet kvalitetne \u010dokolade.<\/p>\n<p>Kaj vklju\u010duje:<br \/>\u2022 Pija\u010da dobrodo\u0161lice: \u010dokoladni aperitiv, postre\u017een v \u010dokoladnem \u00bbkozarcu\u00ab<br \/>\u2022 Uvod v zgodbo o \u010dokoladi<br \/>\u2022 Predstavitev gojenja kakava, zrn in kakavovca<br \/>\u2022 Razlaga razlike med kakavom in \u010dokolado<br \/>\u2022 Degustacija kakavovih zrn in \u010dokolad razli\u010dnih vrst<br \/>\u2022 Kaj lo\u010di izjemno \u010dokolado od ostalih<br \/>\u2022 Predstavitev postopka temperiranja in izdelave pralin v \u017eivo, ki jo vodi na\u0161 mojster \u010dokolade<br \/>\u2022 Ve\u010dsenzori\u010dno vodena degustacija fine \u010dokolade<br \/>\u2022 Degustacija 2 pralin po izbiri iz dnevnega nabora 20\u201335 okusov<br \/>\u2022 Z lokalnimi sestavinami, kot so ajda, pehtran, orehi, kostanjev med, \u010debelji cvetni prah in \u0161tevilne druge<\/p>\n<p><strong>Cena: <\/strong><\/p>\n<ul>\n<li>40\u20ac \/ osebo (2 odrasla)<\/li>\n<li>35\u20ac \/ osebo (3-5 odstraslih)<\/li>\n<li>30\u20ac \/ osebo (6-10 odraslih)<br \/>Trajanje: pribli\u017eno 60 minut<br \/>Ve\u010dje skupine: na povpra\u0161evanje <\/li>\n<\/ul>\n<p><strong>\u010cOKOLADNA DELAVNICA<\/strong><br \/>Bodite kreativni in ustvarite svojo \u010dokoladno mojstrovino!<\/p>\n<p><strong>Vklju\u010duje vse iz vodene degustacije, poleg tega pa \u0161e:<\/strong><br \/>\u2022 Prakti\u010dno delavnico, kjer vsak udele\u017eenec ustvari pribli\u017eno 100 g personalizirane \u010dokolade (mle\u010dne, temne in bele)<br \/>\u2022 Uporaba vrhunskih dodatkov, kot so: hrustljava ajda, orehi, \u010debelji cvetni prah, borovnice, maline, piranski cvetni prah, jagode, karamelizirana kakavova zrna, mandlji, pistacije in mnogi drugi<br \/>\u2022 Svojo kreacijo odnesite domov kot okusen spominek <\/p>\n<p><strong>Cene: <\/strong><\/p>\n<ul>\n<li>55\u20ac \/ osebo (2 odrasla)<\/li>\n<li>50\u20ac \/ osebo (3-5 odraslih)<\/li>\n<li>45\u20ac \/ osebo (6-10 odraslih)<br \/>Trajanje: pribli\u017eno 90 minut<br \/>Ve\u010dje skupine: na povpra\u0161evanje <\/li>\n<\/ul>\n<p><strong>Cene za dru\u017eine (otroci 6+)<\/strong>:<\/p>\n<ul>\n<li>160\u20ac \/ 2 odrasla + 1 otrok<\/li>\n<li>180\u20ac \/ 2 odrasla + 2 otroka<\/li>\n<li>200\u20ac \/ 2 odrasla + 3 otroci<\/li>\n<\/ul>\n<p><strong>REZERVIRAJTE ZDAJ! <\/strong><\/p>\n<p>Odprto: torek &#8211; sobota | 9:00 &#8211; 18:00<\/p>\n<p>Kontakt: Nata\u0161a Mikelj | <strong>+386 41 687 518<\/strong><br \/>Email: <strong>info@radolska\u2013cokolada.si<\/strong><\/p>\n<p>Radol\u0161ka \u010cokolada d. o. o., Radovljica, Slovenija<br \/><strong><a href=\"https:\/\/www.radolska-cokolada.com\/\" target=\"_blank\" rel=\"noopener\">www.radolska\u2013cokolada.com<\/a><\/strong><\/p>\n<\/div>\n\t\t\t\t<\/div>\n\t\t\t\t\t\t\t<div class=\"elementor-accordion-item\">\n\t\t\t\t\t<div id=\"elementor-tab-title-4395\" class=\"elementor-tab-title\" data-tab=\"5\" role=\"button\" aria-controls=\"elementor-tab-content-4395\" aria-expanded=\"false\">\n\t\t\t\t\t\t\t\t\t\t\t\t\t<span class=\"elementor-accordion-icon elementor-accordion-icon-left\" aria-hidden=\"true\">\n\t\t\t\t\t\t\t\t\t\t\t\t\t\t\t<span class=\"elementor-accordion-icon-closed\"><i class=\"fas fa-plus\"><\/i><\/span>\n\t\t\t\t\t\t\t\t<span class=\"elementor-accordion-icon-opened\"><i class=\"fas fa-minus\"><\/i><\/span>\n\t\t\t\t\t\t\t\t\t\t\t\t\t\t<\/span>\n\t\t\t\t\t\t\t\t\t\t\t\t<a class=\"elementor-accordion-title\" tabindex=\"0\">Popustna kartica Julije Alpe (ob bivanju minimalno 3 no\u010di)<\/a>\n\t\t\t\t\t<\/div>\n\t\t\t\t\t<div id=\"elementor-tab-content-4395\" class=\"elementor-tab-content elementor-clearfix\" data-tab=\"5\" role=\"region\" aria-labelledby=\"elementor-tab-title-4395\"><\/p>\n<p>\u010ce boste v Radovljici ostali <strong>tri ali ve\u010d no\u010di<\/strong>, vam bomo uredili in poslali kartico s popustom za Julijske Alpe. Ta kartica vam zagotavlja posebne popuste za nepozabna do\u017eivetja v \u010dasu va\u0161ega bivanja. <\/p>\n<p>Za izdajo kartic prosimo VSE goste za naslednje podatke:<\/p>\n<p>\u2022 Ime in priimek<\/p>\n<p>\u2022 Leto rojstva<\/p>\n<p>\u2022 Dr\u017eava<\/p>\n<p>\u2022 Email naslov (vse kartice vam lahko po\u0161ljemo na en naslov)<\/p>\n<p>Prosimo, da nam zahtevane podatke po\u0161ljete po elektronski po\u0161ti na naslov vilaradolca@gmail.com ali prek WhatsAppa\/Viberja na \u0161tevilko +386 51 601 868.<\/p>\n<p><strong> <\/strong><\/p>\n<p><strong>KARTICA JULIJSKE ALPE: RADOVLJICA<\/strong><\/p>\n<p>Do\u017eivite \u00bbnajslaj\u0161e\u00ab mesto v Sloveniji in odkrijte bogastvo kulturne dedi\u0161\u010dine, zeleno pode\u017eelje in \u010dudovite Julijske Alpe.<\/p>\n<p><strong>BREZPLA\u010cNI VODENI IZLETI ZA Imetnike kartic (julij, avgust 2026):<\/strong><\/p>\n<ul>\n<li><a href=\"https:\/\/www.radolca.si\/en\/activities-and-experiences\/guided-tours\/guided-tour-of-radovljica\" target=\"_blank\" rel=\"noopener\">voden ogled Radovljice<\/a><\/li>\n<li><a href=\"https:\/\/www.radolca.si\/en\/events-calendar\/kropa-guided-tours\" target=\"_blank\" rel=\"noopener\">voden ogled sredi\u0161\u010da vasi Kropa<\/a><\/li>\n<li><a href=\"https:\/\/www.radolca.si\/en\/events-calendar\/guided-tours-of-kamen-castle\">voden ogled gradu Kamen<\/a><\/li>\n<\/ul>\n<p><strong>BREZPLA\u010cNI LETNI AVTOBUS RADOVLJICA-BLED-RADOVLJICA<\/strong> (preko kampa \u0160obec, River Camping Bled, \u017eelezni\u0161ke postaje Lesce)<\/p>\n<ul>\n<li>iz Radovljice: nov vozni red<\/li>\n<li>z Bleda: nov vozni red<\/li>\n<\/ul>\n<p><strong>PROST VSTOP IN DRUGA DO\u017dIVETJA:<\/strong><\/p>\n<ul>\n<li><strong>Mestni muzej Radovljica<\/strong> &#8211; prost vstop<\/li>\n<li>Galerija \u0160iv\u010deva hi\u0161a \u2013 vstop prost<\/li>\n<li><strong>Muzej alpskega smu\u010danja Elan<\/strong>&#8211; brezpla\u010den vstop<\/li>\n<li>\u010cokoladni &#8216;kozarec&#8217; z medovino v Turisti\u010dno-informacijskem centru Radovljica \u2013 brezpla\u010dno<\/li>\n<li>Zemljevid pohodni\u0161kih poti po Radovljici in okolici \u2013 brezpla\u010den, na voljo v Turisti\u010dno-informacijskem centru Radovljica<\/li>\n<\/ul>\n<p><strong>POSEBNA PONUDBA IN POPUSTI PRI VSTOPNINAH<\/strong><\/p>\n<ul>\n<li>Sledite &#8216;\u010debelici&#8217; skozi Radovljico, 50% popust, dru\u017einska avantura (TIC Radovljica)<\/li>\n<li><strong>Muzej farmacije in alkimije,<\/strong> Radovljica &#8211; 20 % popust na vstopnino<\/li>\n<li><strong>\u010cokoladnica Radol\u0161ka \u010dokolada<\/strong>, 15-odstotni popust na vodeno \u010dokoladno delavnico ali degustacijo, vsako sredo, \u010detrtek in petek ob 10.00. Rezervacije in informacije: natasa.mikelj@gmail.com <\/li>\n<li><strong>Lectarjev muzej<\/strong>, brezpla\u010den medenjak, 10 % popust na delavnico okra\u0161evanja medenih sr\u010dkov, rezervacije in informacije: info@lectar.si<\/li>\n<li><strong>Muzej Avsenik<\/strong> &#8211; 20-odstotni popust na vstopnino<\/li>\n<li><strong>Katjin mestni vrt<\/strong>, 10 % popust na voden ogled z degustacijo sezonskih pridelkov z ekolo\u0161kega zeli\u0161\u010dnega, sadnega in zelenjavnega vrta. Obvezne so predhodne rezervacije po e-po\u0161ti: jansa.joze@gmail.com ali po telefonu +386 (0)70 741 171. <\/li>\n<li><strong>Odkrij s kolesom<\/strong> &#8211; 10 % popust na voden izlet z lokalnim vodnikom Bla\u017eem ali najem e-kolesa z dostavo (www.discoverbybike.si)<\/li>\n<li><strong>Bazen Radovljica<\/strong>, 20-odstotni popust na dnevni ali popoldanski vstop<\/li>\n<li><strong>Tinaraft<\/strong> &#8211; 10 % za \u0161portne dejavnosti na prostem (neposredne rezervacije pri Tinaraftu)<\/li>\n<li>Pustolovski mini golf Panorama, 20 % popust na rundo na odraslo osebo<\/li>\n<li><strong>Plezalni center D&#8217;Ranch<\/strong>, 10 % popust na dnevne vstopnice, informacije in rezervacije: climbing.ranch@gmail.com<\/li>\n<li><strong>Najem koles<\/strong>, e-koles in e-skuterjev, 10 % popust (za dopla\u010dilo vam lahko kolesa dostavijo do nastanitve ali jih prevzamejo v pisarni Bled Shuttle, Cesta Svobode 10, Bled)<\/li>\n<li>Izposoja klasi\u010dnih in elektri\u010dnih koles Scott, 20 % popust (prevzem v pisarni Turisti\u010dnega dru\u0161tva Gorje po predhodnem dogovoru, kontakt info@vintgar.si ali telefon +386 51621511) <\/li>\n<li>Taksi slu\u017eba \u2013 10 % popust (www.bledshuttle.com)<\/li>\n<li><strong>Parkour lokostrelstvo<\/strong> v dolini Drage, &#8211; 20 % popust na enourni te\u010daj lokostrelstva (www.archeryslovenija.com)<\/li>\n<li>Srednjeve\u0161ko lokostrelstvo Bled, 10 % popust na vse aktivnosti<\/li>\n<li><strong>Blejsko poletno sankanje<\/strong> &#8211; pla\u010dajte 2 vo\u017enji in dobite dodatno vo\u017enjo brezpla\u010dno<\/li>\n<li><strong>Blejski grad<\/strong> &#8211; 10 % popust na vstopnino<\/li>\n<li>\u010copova rojstna hi\u0161a, \u017dirovnica \u2013 10 % popusta na vstopnino<\/li>\n<li>Tr\u017ei\u010d: 20 % popust na vstopnino (Tr\u017ei\u0161ki muzej, <strong>Slovenski smu\u010darski muzej<\/strong>, Kurnikova hi\u0161a, razstava koncentracijskega tabori\u0161\u010da Ljubelj)<\/li>\n<li>Jesenice: Muzej delavske kulture Jesenice in Muzej Kosov dvorec; 20 % popust na vstopnino. <\/li>\n<li>Kranjska Gora: <strong>Muzej<\/strong> Kranjska Gora: 20 % popusta na vstopnino, Muzej <strong>Pobegov Kaj\u017enkova hi\u0161a: 20 % popusta na vstopnino, Muzej Pobegov Kaj\u017enkova hi\u0161a<\/strong>: 20 % popusta na vstopnino<\/li>\n<\/ul>\n<p><strong>DRUGE BREZPLA\u010cNE AKTIVNOSTI V JULIJSKIH ALPAH IN GORENJSKI REGIJI:<\/strong><\/p>\n<ul>\n<li>BREZPLA\u010cNI VODENI IZLET PO <strong>BLEDU<\/strong> (15.4.2026 v 1.11.2026): Vsak petek ob 10.00 po predhodni prijavi brezpla\u010den voden ogled Bleda &#8211; sprehod po jezerski promenadi in starem mestnem jedru. Zbirno mesto: Turisti\u010dno-informacijski center Bled <\/li>\n<li>BOHINJ (april, november): Avtobusni prevoz in vstop v <strong>sotesko Mostnica<\/strong> <\/li>\n<li><strong>BOHINJ<\/strong> (junij &#8211; september): Brezpla\u010den prevoz s parkiri\u0161\u010d in iz vasi v Bohinju do: jezera, Ukanc, planin Blato, Voje, Vogar in Uskovnica, Sori\u0161ke planine in Pokljuke.<\/li>\n<li><strong>SO\u010cA VALLEY<\/strong> (julij, avgust): vhod v <strong>spominsko cerkev Javorca<\/strong> (ve\u010d informacij:00386 (0)53800480)<\/li>\n<\/ul>\n<p><a href=\"https:\/\/www.radolca.si\/en\/julian-alps-summer-card-radovljica\"><strong>Ve\u010d informacij<\/strong><\/a> <\/p>\n<p><strong> <\/strong><\/p>\n<p><strong>POGOJI<\/strong><\/p>\n<p>Gostje, ki bivajo v namestitvenih objektih v ob\u010dini Radovljica vsaj 3 no\u010di med 10. aprilom in 15. novembrom 2025, prejmejo kartico brezpla\u010dno. Kartica ni prenosljiva in velja le za osebo, katere ime in priimek sta navedena na kartici. Popusti in posebne ponudbe so brezpla\u010dni tudi za otroke, mlaj\u0161e od 10 let, ki jih spremljajo star\u0161i ali skrbniki, ki imajo kartico. Kartica velja od prvega dne veljavnosti do polno\u010di zadnjega dne veljavnosti posamezne kartice. Brezpla\u010dne storitve, ki jih ponuja kartica, lahko imetnik kartice koristi glede na odpiralni \u010das ponudnika in razpolo\u017eljivost kapacitet. Imetnik lahko popust\/posebno ponudbo koristi le ob predlo\u017eitvi kartice. V primeru izgube ali po\u0161kodbe kartice morajo gostje o tem \u010dim prej obvestiti gostitelja. V tem primeru je gost upravi\u010den do nove kartice z enakimi pogoji veljavnosti.       <\/p>\n<p>Izkaznico izdaja Javni zavod za turizem in kulturo Radovljica<\/p><\/p>\n<\/div>\n\t\t\t\t<\/div>\n\t\t\t\t\t\t\t\t<\/div>\n\t\t\t\t\t\t<\/div>\n\t\t\t\t<\/div>\n\t\t\t\t<div class=\"elementor-element elementor-element-ccf5b2c elementor-widget elementor-widget-heading\" data-id=\"ccf5b2c\" data-element_type=\"widget\" data-e-type=\"widget\" data-widget_type=\"heading.default\">\n\t\t\t\t<div class=\"elementor-widget-container\">\n\t\t\t\t\t<h2 class=\"elementor-heading-title elementor-size-default\">Destination tips<\/h2>\t\t\t\t<\/div>\n\t\t\t\t<\/div>\n\t\t\t\t<div class=\"elementor-element elementor-element-433a75d elementor-widget elementor-widget-accordion\" data-id=\"433a75d\" data-element_type=\"widget\" data-e-type=\"widget\" data-widget_type=\"accordion.default\">\n\t\t\t\t<div class=\"elementor-widget-container\">\n\t\t\t\t\t\t\t<div class=\"elementor-accordion\">\n\t\t\t\t\t\t\t<div class=\"elementor-accordion-item\">\n\t\t\t\t\t<div id=\"elementor-tab-title-7041\" class=\"elementor-tab-title\" data-tab=\"1\" role=\"button\" aria-controls=\"elementor-tab-content-7041\" aria-expanded=\"false\">\n\t\t\t\t\t\t\t\t\t\t\t\t\t<span class=\"elementor-accordion-icon elementor-accordion-icon-left\" aria-hidden=\"true\">\n\t\t\t\t\t\t\t\t\t\t\t\t\t\t\t<span class=\"elementor-accordion-icon-closed\"><i class=\"fas fa-plus\"><\/i><\/span>\n\t\t\t\t\t\t\t\t<span class=\"elementor-accordion-icon-opened\"><i class=\"fas fa-minus\"><\/i><\/span>\n\t\t\t\t\t\t\t\t\t\t\t\t\t\t<\/span>\n\t\t\t\t\t\t\t\t\t\t\t\t<a class=\"elementor-accordion-title\" tabindex=\"0\">Obisk Bleda in soteske Vintgar<\/a>\n\t\t\t\t\t<\/div>\n\t\t\t\t\t<div id=\"elementor-tab-content-7041\" class=\"elementor-tab-content elementor-clearfix\" data-tab=\"1\" role=\"region\" aria-labelledby=\"elementor-tab-title-7041\"><p><strong>Pomembno obvestilo!<\/strong><\/p>\n<ul>\n<li>Za obisk soteske Vintgar morate<strong><a href=\"https:\/\/www.vintgar.si\/en\/\" target=\"_blank\" rel=\"noopener\"> KUPITI VSTOPNICE PREK SPLETA.<\/a><\/strong><\/li>\n<li>Od novembra do maja je soteska Vintgar zaprta<\/li>\n<li>Julija in avgusta pri\u010dakujte velike motnje v prometu na Bledu<\/li>\n<\/ul>\n<p><strong>Priporo\u010dljivo:  <\/strong><\/p>\n<ul>\n<li>Z jadrnico pletna odplujte na Blejski otok<\/li>\n<li>Obi\u0161\u010dite grad<\/li>\n<li>Vzpon na Ojstrico in Stra\u017eo<\/li>\n<\/ul>\n<p><a href=\"https:\/\/www.bled.si\/en\/\" target=\"_blank\" rel=\"noopener\"><strong>Ve\u010d informacij<\/strong><\/a><\/p>\n<\/div>\n\t\t\t\t<\/div>\n\t\t\t\t\t\t\t<div class=\"elementor-accordion-item\">\n\t\t\t\t\t<div id=\"elementor-tab-title-7042\" class=\"elementor-tab-title\" data-tab=\"2\" role=\"button\" aria-controls=\"elementor-tab-content-7042\" aria-expanded=\"false\">\n\t\t\t\t\t\t\t\t\t\t\t\t\t<span class=\"elementor-accordion-icon elementor-accordion-icon-left\" aria-hidden=\"true\">\n\t\t\t\t\t\t\t\t\t\t\t\t\t\t\t<span class=\"elementor-accordion-icon-closed\"><i class=\"fas fa-plus\"><\/i><\/span>\n\t\t\t\t\t\t\t\t<span class=\"elementor-accordion-icon-opened\"><i class=\"fas fa-minus\"><\/i><\/span>\n\t\t\t\t\t\t\t\t\t\t\t\t\t\t<\/span>\n\t\t\t\t\t\t\t\t\t\t\t\t<a class=\"elementor-accordion-title\" tabindex=\"0\">Poudarki destinacije<\/a>\n\t\t\t\t\t<\/div>\n\t\t\t\t\t<div id=\"elementor-tab-content-7042\" class=\"elementor-tab-content elementor-clearfix\" data-tab=\"2\" role=\"region\" aria-labelledby=\"elementor-tab-title-7042\"><p><strong>JEZERO BLED<\/strong><\/p>\n<ul>\n<li>Grad<\/li>\n<li>Obi\u0161\u010dite otok s Pletna ali ren&#8217;t svoj \u010doln<\/li>\n<li>Soteska Vintgar<\/li>\n<li>Pustolovski park v Stra\u017ei<\/li>\n<li>Hrib Ojstrica<\/li>\n<li>Restavracija Najstarej\u0161a klet Bled<\/li>\n<li>Restavracija Gostilna Pr&#8217;Jagru, Zatrnik<\/li>\n<\/ul>\n<p><strong><a href=\"https:\/\/www.bled.si\/en\/what-to-see-do\/attractions\/\" target=\"_blank\" rel=\"noopener\">VE\u010c INFORMACIJ<\/a><\/strong><\/p>\n<p><strong>JEZERO BOHINJ<\/strong><\/p>\n<ul>\n<li>Slap Savica<\/li>\n<li>Vogel (z \u017ei\u010dnico)<\/li>\n<li>Dolina Voje<\/li>\n<li>Hrib Vogar<\/li>\n<li>Alpski muzej mlekarstva<\/li>\n<li>Vodni park v Bohinjski Bistrici<\/li>\n<li>Restavracija Sunrose7<\/li>\n<li>Restavracija Doma\u010dija Majerca<\/li>\n<\/ul>\n<p><a href=\"https:\/\/www.bohinj.si\/en\/things-to-see\/\" target=\"_blank\" rel=\"noopener\"><strong>VE\u010c INFORMACIJ<\/strong><\/a><\/p>\n<p><strong>KRANJSKA GORA<\/strong><\/p>\n<ul>\n<li>Slap Peri\u010dnik<\/li>\n<li>Slapovi Martuljek<\/li>\n<li>Jezero Jasna<\/li>\n<li>Zelenci<\/li>\n<li>Dolina Krnice (pohodni\u0161tvo)<\/li>\n<li>Dolina Tamar (pohodni\u0161tvo)<\/li>\n<li>Planica (smu\u010darske skakalnice )<\/li>\n<li>Restavracija Kosobrin<\/li>\n<li>Restavracija La\u010dni Kekec<\/li>\n<\/ul>\n<p><a href=\"https:\/\/kranjska-gora.si\/en\/attractions\" target=\"_blank\" rel=\"noopener\"><strong>VE\u010c INFORMACIJ<\/strong><\/a><\/p>\n<p><strong>RADOVLJICA JE TUDI IDEALNO IZHODI\u0160\u010cE ZA ENODNEVNE IZLETE PO SLOVENIJI<\/strong><\/p>\n<ul>\n<li>Prelaz Vr\u0161i\u010d &#8211; Bovec &#8211; Dolina So\u010de &#8211; Log pod Mangrtom &#8211; prelaz Mangart &#8211; Predilsko jezero<\/li>\n<li>\u0160kofja Loka &#8211; Ljubljana<\/li>\n<li>Kamnik &#8211; Velika planina (do\u017eivetje visokogorskih pa\u0161nikov)<\/li>\n<li>Jezersko &#8211; Logarska dolina &#8211; Sol\u010dava<\/li>\n<li>Cerkni\u0161ko jezero &#8211; Naravni rezervat Rakov \u0160kocjan &#8211; Postojnska jama &#8211; Predjamski grad<\/li>\n<li>Ptuj, Maribor &amp; \u0160tajerska vinorodna de\u017eela<\/li>\n<li>Vipavska dolina in Gori\u0161ka Brda &#8211; Degustacija vin na toskanskih gri\u010dih<\/li>\n<li><strong>IT<\/strong>: Tarvisio, Monte Santo di Lussari, Lago Predil, Sentiero del Lago inferiore, Cividale del Friuli, Udine,&#8230;<\/li>\n<li><strong>AU<\/strong>: Villach, Ossiacher See, W\u00f6rthersee, Velden, Faaker See, Klagenfurt,&#8230;<\/li>\n<\/ul>\n<\/div>\n\t\t\t\t<\/div>\n\t\t\t\t\t\t\t<div class=\"elementor-accordion-item\">\n\t\t\t\t\t<div id=\"elementor-tab-title-7043\" class=\"elementor-tab-title\" data-tab=\"3\" role=\"button\" aria-controls=\"elementor-tab-content-7043\" aria-expanded=\"false\">\n\t\t\t\t\t\t\t\t\t\t\t\t\t<span class=\"elementor-accordion-icon elementor-accordion-icon-left\" aria-hidden=\"true\">\n\t\t\t\t\t\t\t\t\t\t\t\t\t\t\t<span class=\"elementor-accordion-icon-closed\"><i class=\"fas fa-plus\"><\/i><\/span>\n\t\t\t\t\t\t\t\t<span class=\"elementor-accordion-icon-opened\"><i class=\"fas fa-minus\"><\/i><\/span>\n\t\t\t\t\t\t\t\t\t\t\t\t\t\t<\/span>\n\t\t\t\t\t\t\t\t\t\t\t\t<a class=\"elementor-accordion-title\" tabindex=\"0\">Dejavnosti na prostem<\/a>\n\t\t\t\t\t<\/div>\n\t\t\t\t\t<div id=\"elementor-tab-content-7043\" class=\"elementor-tab-content elementor-clearfix\" data-tab=\"3\" role=\"region\" aria-labelledby=\"elementor-tab-title-7043\"><p><strong>  VODENE \u0160PORTNE DEJAVNOSTI<\/strong><\/p>\n<p data-start=\"1435\" data-end=\"1725\">\u010ce se prvi\u010d odpravljate na pohodni\u0161tvo ali se prvi\u010d ukvarjate s \u0161portom na prostem v Sloveniji, vam toplo priporo\u010damo, da se pridru\u017eite organizirani turi.<br data-start=\"1560\" data-end=\"1563\" \/>Tako boste najbolje spoznali zahtevnost lokalnih poti, potrebno opremo, vremenske razmere in navigacijo v gorah.<\/p>\n<p data-start=\"1727\" data-end=\"1875\">\u0160e posebej, \u010de se nameravate na pohod odpraviti z otroki, naj vas na prvo slikovito in varno pustolov\u0161\u010dino varno popelje izku\u0161en lokalni vodnik.<\/p>\n<p data-start=\"1877\" data-end=\"2047\">Na\u0161i partnerji v <a href=\"https:\/\/www.altitude-activities.com\/\" target=\"_blank\" rel=\"noopener\"><strong data-start=\"1893\" data-end=\"1916\">Altitude Activities<\/strong><\/a> zagotavljajo tudi vso potrebno opremo (\u010devlje, \u010delade itd.) in ponujajo \u0161iroko paleto do\u017eivetij na prostem, med drugim:<\/p>\n<ul data-start=\"2049\" data-end=\"2376\">\n<li data-start=\"2049\" data-end=\"2079\">\n<p data-start=\"2051\" data-end=\"2079\">Dru\u017einam prijazne pustolov\u0161\u010dine<\/p>\n<\/li>\n<li data-start=\"2080\" data-end=\"2101\">\n<p data-start=\"2082\" data-end=\"2101\">Pohodni\u0161tvo in treking<\/p>\n<\/li>\n<li data-start=\"2102\" data-end=\"2124\">\n<p data-start=\"2104\" data-end=\"2124\">Poti Via Ferrata<\/p>\n<\/li>\n<li data-start=\"2125\" data-end=\"2151\">\n<p data-start=\"2127\" data-end=\"2151\">Vzpon na Triglav<\/p>\n<\/li>\n<li data-start=\"2152\" data-end=\"2163\">\n<p data-start=\"2154\" data-end=\"2163\">Kolesarjenje<\/p>\n<\/li>\n<li data-start=\"2164\" data-end=\"2180\">\n<p data-start=\"2166\" data-end=\"2180\">Izleti z e-kolesi<\/p>\n<\/li>\n<li data-start=\"2181\" data-end=\"2200\">\n<p data-start=\"2183\" data-end=\"2200\">Gorsko kolesarjenje<\/p>\n<\/li>\n<li data-start=\"2201\" data-end=\"2234\">\n<p data-start=\"2203\" data-end=\"2234\">Kanjoning, rafting in kajaka\u0161tvo<\/p>\n<\/li>\n<li data-start=\"2235\" data-end=\"2252\">\n<p data-start=\"2237\" data-end=\"2252\">Plezanje po skalah<\/p>\n<\/li>\n<li data-start=\"2253\" data-end=\"2264\">\n<p data-start=\"2255\" data-end=\"2264\">Zipline<\/p>\n<\/li>\n<li data-start=\"2265\" data-end=\"2280\">\n<p data-start=\"2267\" data-end=\"2280\">Polet z jadralnim padalom<\/p>\n<\/li>\n<li data-start=\"2281\" data-end=\"2308\">\n<p data-start=\"2283\" data-end=\"2308\">Poleti z balonom<\/p>\n<\/li>\n<li data-start=\"2309\" data-end=\"2322\">\n<p data-start=\"2311\" data-end=\"2322\">Skok s padalom<\/p>\n<\/li>\n<li data-start=\"2323\" data-end=\"2352\">\n<p data-start=\"2325\" data-end=\"2352\"><em data-start=\"2325\" data-end=\"2350\">*Izku\u0161nje po meri<\/em><\/p>\n<\/li>\n<li data-start=\"2353\" data-end=\"2376\">\n<p data-start=\"2355\" data-end=\"2376\"><em data-start=\"2355\" data-end=\"2374\">*Zimske dejavnosti<\/em><\/p>\n<\/li>\n<\/ul>\n<p><strong><a href=\"https:\/\/www.altitude-activities.com\/\" target=\"_blank\" rel=\"noopener\">Ve\u010d informacij o dejavnostih na vi\u0161ini<\/a><\/strong><\/p>\n<p>Ve\u010d spletnih mest, na katerih lahko na\u010drtujete \u0161portne dejavnosti:<\/p>\n<ul>\n<li><a href=\"https:\/\/www.radolca.si\/en\/activities-and-experiences\/cycling\" target=\"_blank\" rel=\"noopener\"><strong>Kolesarjenje v Radovljici<\/strong><\/a><\/li>\n<li><a href=\"https:\/\/www.radolca.si\/en\/activities-and-experiences\/hiking\" target=\"_blank\" rel=\"noopener\"><strong>Pohodni\u0161tvo v Radovljici<\/strong><\/a><\/li>\n<li><a href=\"https:\/\/www.hribi.net\/\" target=\"_blank\" rel=\"noopener\"><strong>Pohodni\u0161tvo v Sloveniji<\/strong><\/a><\/li>\n<li><strong><a href=\"https:\/\/penzionhosnar.com\/activities\/\" target=\"_blank\" rel=\"noopener\">Aktivnosti v dolini SO\u010cA<\/a><\/strong><\/li>\n<\/ul>\n<p>Na\u0161a osebna priporo\u010dila za osnovno do srednje zahtevno pohodni\u0161tvo:<\/p>\n<ul>\n<li>Vi\u0161evnik, 2050m, 2h<\/li>\n<li>Stol, 2236, 3,5h<\/li>\n<li>Vogar, 1054m, 1h 15 min<\/li>\n<li>Soteska Pokljuka<\/li>\n<li>Blejska ko\u010da na Lipanci, 1630m, 1h<\/li>\n<li>Ko\u010da na Uskovnici, 1h<\/li>\n<li>Dolina Voje, 45min<\/li>\n<li>Dolina Tamar, 45min<\/li>\n<li>Dolina Krnice, 45min<\/li>\n<li>slapovi Martuljek, 30min &#8211; 1,5h<\/li>\n<\/ul>\n<p>Pred na\u010drtovanjem dejavnosti ne pozabite preveriti <a href=\"https:\/\/meteo.arso.gov.si\/\" target=\"_blank\" rel=\"noopener\"><strong>vremensko napoved<\/strong><\/a>!<\/p>\n<p><strong>Za ve\u010d informacij ali nasvet o va\u0161ih pohodni\u0161kih na\u010drtih se lahko kadar koli obrnete na nas.<\/strong><\/p>\n<\/div>\n\t\t\t\t<\/div>\n\t\t\t\t\t\t\t<div class=\"elementor-accordion-item\">\n\t\t\t\t\t<div id=\"elementor-tab-title-7044\" class=\"elementor-tab-title\" data-tab=\"4\" role=\"button\" aria-controls=\"elementor-tab-content-7044\" aria-expanded=\"false\">\n\t\t\t\t\t\t\t\t\t\t\t\t\t<span class=\"elementor-accordion-icon elementor-accordion-icon-left\" aria-hidden=\"true\">\n\t\t\t\t\t\t\t\t\t\t\t\t\t\t\t<span class=\"elementor-accordion-icon-closed\"><i class=\"fas fa-plus\"><\/i><\/span>\n\t\t\t\t\t\t\t\t<span class=\"elementor-accordion-icon-opened\"><i class=\"fas fa-minus\"><\/i><\/span>\n\t\t\t\t\t\t\t\t\t\t\t\t\t\t<\/span>\n\t\t\t\t\t\t\t\t\t\t\t\t<a class=\"elementor-accordion-title\" tabindex=\"0\">Kaj po\u010deti na de\u017eeven dan<\/a>\n\t\t\t\t\t<\/div>\n\t\t\t\t\t<div id=\"elementor-tab-content-7044\" class=\"elementor-tab-content elementor-clearfix\" data-tab=\"4\" role=\"region\" aria-labelledby=\"elementor-tab-title-7044\"><p data-start=\"300\" data-end=\"336\"><strong data-start=\"306\" data-end=\"336\">Kaj po\u010deti ko de\u017euje?<\/strong><\/p>\n<ul data-start=\"338\" data-end=\"977\">\n<li data-start=\"338\" data-end=\"401\">\n<p data-start=\"340\" data-end=\"401\">Bowling City Lesce &#8211; zabavna dejavnost v zaprtih prostorih za vse starosti<\/p>\n<\/li>\n<li data-start=\"402\" data-end=\"476\">\n<p data-start=\"404\" data-end=\"476\">Wellness &amp; SPA Penzion T\u00f6r\u00f6k ali obi\u0161\u010dite eno od zdravili\u0161\u010d na Bledu<\/p>\n<\/li>\n<li data-start=\"477\" data-end=\"547\">\n<p data-start=\"479\" data-end=\"547\">\u010cebelarski muzej &#8211; spoznajte slovensko \u010debelarsko dedi\u0161\u010dino<\/p>\n<\/li>\n<li data-start=\"548\" data-end=\"629\">\n<p data-start=\"550\" data-end=\"629\">Muzej alpskega smu\u010danja Elan &#8211; spoznajte legendarno slovensko smu\u010darsko znamko<\/p>\n<\/li>\n<li data-start=\"630\" data-end=\"677\">\n<p data-start=\"632\" data-end=\"677\">Radovlji\u0161ki olimpijski bazen<\/p>\n<\/li>\n<li data-start=\"678\" data-end=\"724\">\n<p data-start=\"680\" data-end=\"724\">Bohinjska Bistrica &#8211; Vodni park Bohinj<\/p>\n<\/li>\n<li data-start=\"725\" data-end=\"815\">\n<p data-start=\"727\" data-end=\"815\">Postojnska jama ali \u0160kocjanske jame &#8211; dve najbolj znani slovenski naravni znamenitosti<\/p>\n<\/li>\n<li data-start=\"816\" data-end=\"977\">\n<p data-start=\"818\" data-end=\"977\"><strong data-start=\"818\" data-end=\"844\">Ideja za slikovito potovanje:<\/strong><br data-start=\"844\" data-end=\"847\" \/>\u017dirovnica &#8211; Vrba &#8211; Begunje na Gorenjskem &#8211; Tr\u017ei\u010d &#8211; Preddvor &#8211; \u0160kofja Loka &#8211; \u017delezniki &#8211; Dra\u017ego\u0161e &#8211; Jamnik &#8211; Kropa &#8211; Radovljica<\/p>\n<\/li>\n<\/ul>\n<p data-start=\"979\" data-end=\"1109\">\u010ce pa raje ostanete doma&#8230;<br data-start=\"1008\" data-end=\"1011\" \/>Vzemite si nekaj \u010dasa zase &#8211; <strong data-start=\"1041\" data-end=\"1107\">ne po\u010dnite ni\u010desar, preberite dobro knjigo, si oglejte film in se preprosto sprostite<\/strong>.<\/p>\n<\/div>\n\t\t\t\t<\/div>\n\t\t\t\t\t\t\t<div class=\"elementor-accordion-item\">\n\t\t\t\t\t<div id=\"elementor-tab-title-7045\" class=\"elementor-tab-title\" data-tab=\"5\" role=\"button\" aria-controls=\"elementor-tab-content-7045\" aria-expanded=\"false\">\n\t\t\t\t\t\t\t\t\t\t\t\t\t<span class=\"elementor-accordion-icon elementor-accordion-icon-left\" aria-hidden=\"true\">\n\t\t\t\t\t\t\t\t\t\t\t\t\t\t\t<span class=\"elementor-accordion-icon-closed\"><i class=\"fas fa-plus\"><\/i><\/span>\n\t\t\t\t\t\t\t\t<span class=\"elementor-accordion-icon-opened\"><i class=\"fas fa-minus\"><\/i><\/span>\n\t\t\t\t\t\t\t\t\t\t\t\t\t\t<\/span>\n\t\t\t\t\t\t\t\t\t\t\t\t<a class=\"elementor-accordion-title\" tabindex=\"0\">Zimski \u010das v Sloveniji<\/a>\n\t\t\t\t\t<\/div>\n\t\t\t\t\t<div id=\"elementor-tab-content-7045\" class=\"elementor-tab-content elementor-clearfix\" data-tab=\"5\" role=\"region\" aria-labelledby=\"elementor-tab-title-7045\"><p data-start=\"343\" data-end=\"616\">Slovenija ima <strong data-start=\"356\" data-end=\"380\">\u0161tiri \u010darobne letne \u010dase<\/strong> in tudi jeseni je vreme pogosto suho in son\u010dno, narava pa se odene v \u010dudovite tople barve.<br data-start=\"496\" data-end=\"499\" \/>Priporo\u010damo obisk tudi oktobra ali novembra, ko je manj gne\u010de in ni\u017eje cene.<\/p>\n<p data-start=\"618\" data-end=\"908\"><strong data-start=\"625\" data-end=\"635\">Pozimi<\/strong> mesta po vsej Sloveniji o\u017eivijo z drsali\u0161\u010di, prazni\u010dnimi bo\u017ei\u010dnimi sejmi in prazni\u010dnimi dogodki.<br data-start=\"744\" data-end=\"747\" \/>V vi\u0161jih predelih gore prekriva sneg, kar ustvarja mirno in o\u010darljivo vzdu\u0161je &#8211; kot nala\u0161\u010d za miren in spro\u0161\u010dujo\u010d zimski oddih.<\/p>\n<p data-start=\"910\" data-end=\"997\">Tukaj je nekaj idej, kaj po\u010deti v Radovljici in njeni okolici v hladnej\u0161ih mesecih:<\/p>\n<ul data-start=\"999\" data-end=\"1794\">\n<li data-start=\"999\" data-end=\"1059\">\n<p data-start=\"1001\" data-end=\"1059\"><strong data-start=\"1004\" data-end=\"1035\">Drsali\u0161\u010de Radovljica<\/strong> (december &#8211; februar)<\/p>\n<\/li>\n<li data-start=\"1060\" data-end=\"1144\">\n<p data-start=\"1062\" data-end=\"1144\"><strong data-start=\"1065\" data-end=\"1097\">Smu\u010darske in teka\u0161ke proge<\/strong> v Kamni Gorici, Kranjski Gori in Pokljuki<\/p>\n<\/li>\n<li data-start=\"1145\" data-end=\"1184\"><strong data-start=\"1190\" data-end=\"1213\">Bli\u017enja smu\u010di\u0161\u010da:<\/strong> Vogel, Kranjska Gora, Krvavec in Monte Lussari (Italija).<\/li>\n<\/ul>\n<ul data-start=\"999\" data-end=\"1794\">\n<li data-start=\"1145\" data-end=\"1184\">Sprostite se v <strong>wellness<\/strong> ali spa centru<\/li>\n<li data-start=\"1318\" data-end=\"1368\">\n<p data-start=\"1320\" data-end=\"1368\"><strong>Vodni park<\/strong> Bohinj v Bohinjski Bistrici<\/p>\n<\/li>\n<\/ul>\n<p><a href=\"https:\/\/www.radolca.si\/en\/activities-and-experiences\/winter-activities\" target=\"_blank\" rel=\"noopener\"><strong>Kliknite tukaj za ve\u010d informacij o zimi v Radovljici in okolici<\/strong><\/a><\/p>\n<p data-start=\"1371\" data-end=\"1794\"><strong data-start=\"1374\" data-end=\"1428\">Zimske vodene pustolov\u0161\u010dine z <a href=\"https:\/\/www.altitude-activities.com\/winter-activities\" target=\"_blank\" rel=\"noopener\">Altitude Activities<\/a>:<\/strong><\/p>\n<ul>\n<li data-start=\"1371\" data-end=\"1794\">pohodni\u0161ki izleti<\/li>\n<li data-start=\"1371\" data-end=\"1794\">pohodi s krpljami<\/li>\n<li data-start=\"1371\" data-end=\"1794\">pohod do najlep\u0161ih razgledov na Triglav<\/li>\n<li data-start=\"1371\" data-end=\"1794\">ledno plezanje za za\u010detnike<\/li>\n<li data-start=\"1371\" data-end=\"1794\">raziskovanje blejskih razglednih to\u010dk<\/li>\n<li data-start=\"1371\" data-end=\"1794\">vzpon na Triglav.<\/li>\n<\/ul>\n<p><strong data-start=\"1600\" data-end=\"1620\">Izposodijo<\/strong> tudi <strong data-start=\"1600\" data-end=\"1620\">zimsko opremo<\/strong> in zagotavljajo <strong data-start=\"1633\" data-end=\"1678\">najnovej\u0161e informacije o stanju v gorah<\/strong>. <a href=\"https:\/\/www.altitude-activities.com\/winter-activities\" target=\"_blank\" rel=\"noopener\"><strong>Ve\u010d informacij<\/strong><\/a><\/p>\n<\/div>\n\t\t\t\t<\/div>\n\t\t\t\t\t\t\t\t<\/div>\n\t\t\t\t\t\t<\/div>\n\t\t\t\t<\/div>\n\t\t\t\t\t<\/div>\n\t\t<\/div>\n\t\t\t\t\t<\/div>\n\t\t<\/section>\n\t\t\t\t<section class=\"elementor-section elementor-top-section elementor-element elementor-element-ac31318 elementor-section-boxed elementor-section-height-default elementor-section-height-default\" data-id=\"ac31318\" data-element_type=\"section\" data-e-type=\"section\" data-settings=\"{&quot;jet_parallax_layout_list&quot;:[]}\">\n\t\t\t\t\t\t<div class=\"elementor-container elementor-column-gap-default\">\n\t\t\t\t\t<div class=\"elementor-column elementor-col-100 elementor-top-column elementor-element elementor-element-c802cde\" data-id=\"c802cde\" data-element_type=\"column\" data-e-type=\"column\">\n\t\t\t<div class=\"elementor-widget-wrap elementor-element-populated\">\n\t\t\t\t\t\t<div class=\"elementor-element elementor-element-7558124 elementor-widget elementor-widget-html\" data-id=\"7558124\" data-element_type=\"widget\" data-e-type=\"widget\" data-widget_type=\"html.default\">\n\t\t\t\t<div class=\"elementor-widget-container\">\n\t\t\t\t\t<script>\nif(window.innerWidth < 5000){ jQuery(document).ready(function($) { var delay = 100; setTimeout(function() { $('.elementor-tab-title').removeClass('elementor-active'); $('.elementor-tab-content').css('display', 'none'); }, delay); }); }\n<\/script>\n\t\t\t\t<\/div>\n\t\t\t\t<\/div>\n\t\t\t\t\t<\/div>\n\t\t<\/div>\n\t\t\t\t\t<\/div>\n\t\t<\/section>\n\t\t\t\t<\/div>\n\t\t","protected":false},"excerpt":{"rendered":"<p>Prihod in informacije o nastanitvi Parkiri\u0161\u010de \u00a0 Vila Radolca se nahaja v \u010dudoviti coni, namenjeni izklju\u010dno pe\u0161cem. Do hi\u0161e ni mogo\u010de pripeljati z avtomobilom. Prosimo, uporabite spodaj navedene brezpla\u010dne javne parkiri\u0161\u010da, ki so oddaljena le 3 minute hoje.\ud83d\udc49V navigacijski sistem vnesite: Gorenjska cesta 6, Radovljica (glavno mestno parkiri\u0161\u010de) povezava do LOKACIJE \ud83c\udd7f\ufe0f Mo\u017enost 1: Glavno [&hellip;]<\/p>\n","protected":false},"author":10,"featured_media":0,"parent":0,"menu_order":0,"comment_status":"closed","ping_status":"closed","template":"","meta":{"footnotes":""},"class_list":["post-11199","page","type-page","status-publish","hentry"],"yoast_head":"<!-- This site is optimized with the Yoast SEO plugin v28.3 - https:\/\/yoast.com\/product\/yoast-seo-wordpress\/ -->\n<title>Informacijski vodnik za goste - Vila Radolca<\/title>\n<meta name=\"robots\" content=\"noindex, nofollow\" \/>\n<meta property=\"og:locale\" content=\"sl_SI\" \/>\n<meta property=\"og:type\" content=\"article\" \/>\n<meta property=\"og:title\" content=\"Informacijski vodnik za goste - Vila Radolca\" \/>\n<meta property=\"og:description\" content=\"Prihod in informacije o nastanitvi Parkiri\u0161\u010de \u00a0 Vila Radolca se nahaja v \u010dudoviti coni, namenjeni izklju\u010dno pe\u0161cem. Do hi\u0161e ni mogo\u010de pripeljati z avtomobilom. Prosimo, uporabite spodaj navedene brezpla\u010dne javne parkiri\u0161\u010da, ki so oddaljena le 3 minute hoje.\ud83d\udc49V navigacijski sistem vnesite: Gorenjska cesta 6, Radovljica (glavno mestno parkiri\u0161\u010de) povezava do LOKACIJE \ud83c\udd7f\ufe0f Mo\u017enost 1: Glavno [&hellip;]\" \/>\n<meta property=\"og:url\" content=\"https:\/\/www.vilaradolca.com\/sl\/informacijski-vodnik-za-goste\/\" \/>\n<meta property=\"og:site_name\" content=\"Vila Radolca\" \/>\n<meta property=\"article:modified_time\" content=\"2026-08-28T08:37:21+00:00\" \/>\n<meta property=\"og:image\" content=\"https:\/\/www.vilaradolca.com\/wp-content\/uploads\/2025\/10\/SAM_7590-scaled-e1759432238945.jpg\" \/>\n\t<meta property=\"og:image:width\" content=\"1000\" \/>\n\t<meta property=\"og:image:height\" content=\"667\" \/>\n\t<meta property=\"og:image:type\" content=\"image\/jpeg\" \/>\n<meta name=\"twitter:card\" content=\"summary_large_image\" \/>\n<meta name=\"twitter:label1\" content=\"Est. reading time\" \/>\n\t<meta name=\"twitter:data1\" content=\"19 minut\" \/>\n<script type=\"application\/ld+json\" class=\"yoast-schema-graph\">{\"@context\":\"https:\\\/\\\/schema.org\",\"@graph\":[{\"@type\":\"WebPage\",\"@id\":\"https:\\\/\\\/www.vilaradolca.com\\\/sl\\\/informacijski-vodnik-za-goste\\\/\",\"url\":\"https:\\\/\\\/www.vilaradolca.com\\\/sl\\\/informacijski-vodnik-za-goste\\\/\",\"name\":\"Informacijski vodnik za goste - Vila Radolca\",\"isPartOf\":{\"@id\":\"https:\\\/\\\/www.vilaradolca.com\\\/sl\\\/#website\"},\"primaryImageOfPage\":{\"@id\":\"https:\\\/\\\/www.vilaradolca.com\\\/sl\\\/informacijski-vodnik-za-goste\\\/#primaryimage\"},\"image\":{\"@id\":\"https:\\\/\\\/www.vilaradolca.com\\\/sl\\\/informacijski-vodnik-za-goste\\\/#primaryimage\"},\"thumbnailUrl\":\"https:\\\/\\\/www.vilaradolca.com\\\/wp-content\\\/uploads\\\/2025\\\/10\\\/SAM_7590-scaled-e1759432238945.jpg\",\"datePublished\":\"2026-04-16T08:56:44+00:00\",\"dateModified\":\"2026-08-28T08:37:21+00:00\",\"breadcrumb\":{\"@id\":\"https:\\\/\\\/www.vilaradolca.com\\\/sl\\\/informacijski-vodnik-za-goste\\\/#breadcrumb\"},\"inLanguage\":\"sl-SI\",\"potentialAction\":[{\"@type\":\"ReadAction\",\"target\":[\"https:\\\/\\\/www.vilaradolca.com\\\/sl\\\/informacijski-vodnik-za-goste\\\/\"]}]},{\"@type\":\"ImageObject\",\"inLanguage\":\"sl-SI\",\"@id\":\"https:\\\/\\\/www.vilaradolca.com\\\/sl\\\/informacijski-vodnik-za-goste\\\/#primaryimage\",\"url\":\"https:\\\/\\\/www.vilaradolca.com\\\/wp-content\\\/uploads\\\/2025\\\/10\\\/SAM_7590-scaled-e1759432238945.jpg\",\"contentUrl\":\"https:\\\/\\\/www.vilaradolca.com\\\/wp-content\\\/uploads\\\/2025\\\/10\\\/SAM_7590-scaled-e1759432238945.jpg\"},{\"@type\":\"BreadcrumbList\",\"@id\":\"https:\\\/\\\/www.vilaradolca.com\\\/sl\\\/informacijski-vodnik-za-goste\\\/#breadcrumb\",\"itemListElement\":[{\"@type\":\"ListItem\",\"position\":1,\"name\":\"Home\",\"item\":\"https:\\\/\\\/www.vilaradolca.com\\\/sl\\\/\"},{\"@type\":\"ListItem\",\"position\":2,\"name\":\"Informacijski vodnik za goste\"}]},{\"@type\":\"WebSite\",\"@id\":\"https:\\\/\\\/www.vilaradolca.com\\\/sl\\\/#website\",\"url\":\"https:\\\/\\\/www.vilaradolca.com\\\/sl\\\/\",\"name\":\"Vila Radolca\",\"description\":\"Namestitve Vile Radolce\",\"publisher\":{\"@id\":\"https:\\\/\\\/www.vilaradolca.com\\\/sl\\\/#organization\"},\"potentialAction\":[{\"@type\":\"SearchAction\",\"target\":{\"@type\":\"EntryPoint\",\"urlTemplate\":\"https:\\\/\\\/www.vilaradolca.com\\\/sl\\\/?s={search_term_string}\"},\"query-input\":{\"@type\":\"PropertyValueSpecification\",\"valueRequired\":true,\"valueName\":\"search_term_string\"}}],\"inLanguage\":\"sl-SI\"},{\"@type\":\"Organization\",\"@id\":\"https:\\\/\\\/www.vilaradolca.com\\\/sl\\\/#organization\",\"name\":\"Villa Medita\",\"url\":\"https:\\\/\\\/www.vilaradolca.com\\\/sl\\\/\",\"logo\":{\"@type\":\"ImageObject\",\"inLanguage\":\"sl-SI\",\"@id\":\"https:\\\/\\\/www.vilaradolca.com\\\/sl\\\/#\\\/schema\\\/logo\\\/image\\\/\",\"url\":\"https:\\\/\\\/www.vilaradolca.com\\\/wp-content\\\/uploads\\\/2023\\\/01\\\/accusoft-1.svg\",\"contentUrl\":\"https:\\\/\\\/www.vilaradolca.com\\\/wp-content\\\/uploads\\\/2023\\\/01\\\/accusoft-1.svg\",\"width\":640,\"height\":512,\"caption\":\"Villa Medita\"},\"image\":{\"@id\":\"https:\\\/\\\/www.vilaradolca.com\\\/sl\\\/#\\\/schema\\\/logo\\\/image\\\/\"}}]}<\/script>\n<!-- \/ Yoast SEO plugin. -->","yoast_head_json":{"title":"Informacijski vodnik za goste - Vila Radolca","robots":{"index":"noindex","follow":"nofollow"},"og_locale":"sl_SI","og_type":"article","og_title":"Informacijski vodnik za goste - Vila Radolca","og_description":"Prihod in informacije o nastanitvi Parkiri\u0161\u010de \u00a0 Vila Radolca se nahaja v \u010dudoviti coni, namenjeni izklju\u010dno pe\u0161cem. Do hi\u0161e ni mogo\u010de pripeljati z avtomobilom. Prosimo, uporabite spodaj navedene brezpla\u010dne javne parkiri\u0161\u010da, ki so oddaljena le 3 minute hoje.\ud83d\udc49V navigacijski sistem vnesite: Gorenjska cesta 6, Radovljica (glavno mestno parkiri\u0161\u010de) povezava do LOKACIJE \ud83c\udd7f\ufe0f Mo\u017enost 1: Glavno [&hellip;]","og_url":"https:\/\/www.vilaradolca.com\/sl\/informacijski-vodnik-za-goste\/","og_site_name":"Vila Radolca","article_modified_time":"2026-08-28T08:37:21+00:00","og_image":[{"width":1000,"height":667,"url":"https:\/\/www.vilaradolca.com\/wp-content\/uploads\/2025\/10\/SAM_7590-scaled-e1759432238945.jpg","type":"image\/jpeg"}],"twitter_card":"summary_large_image","twitter_misc":{"Est. reading time":"19 minut"},"schema":{"@context":"https:\/\/schema.org","@graph":[{"@type":"WebPage","@id":"https:\/\/www.vilaradolca.com\/sl\/informacijski-vodnik-za-goste\/","url":"https:\/\/www.vilaradolca.com\/sl\/informacijski-vodnik-za-goste\/","name":"Informacijski vodnik za goste - Vila Radolca","isPartOf":{"@id":"https:\/\/www.vilaradolca.com\/sl\/#website"},"primaryImageOfPage":{"@id":"https:\/\/www.vilaradolca.com\/sl\/informacijski-vodnik-za-goste\/#primaryimage"},"image":{"@id":"https:\/\/www.vilaradolca.com\/sl\/informacijski-vodnik-za-goste\/#primaryimage"},"thumbnailUrl":"https:\/\/www.vilaradolca.com\/wp-content\/uploads\/2025\/10\/SAM_7590-scaled-e1759432238945.jpg","datePublished":"2026-04-16T08:56:44+00:00","dateModified":"2026-08-28T08:37:21+00:00","breadcrumb":{"@id":"https:\/\/www.vilaradolca.com\/sl\/informacijski-vodnik-za-goste\/#breadcrumb"},"inLanguage":"sl-SI","potentialAction":[{"@type":"ReadAction","target":["https:\/\/www.vilaradolca.com\/sl\/informacijski-vodnik-za-goste\/"]}]},{"@type":"ImageObject","inLanguage":"sl-SI","@id":"https:\/\/www.vilaradolca.com\/sl\/informacijski-vodnik-za-goste\/#primaryimage","url":"https:\/\/www.vilaradolca.com\/wp-content\/uploads\/2025\/10\/SAM_7590-scaled-e1759432238945.jpg","contentUrl":"https:\/\/www.vilaradolca.com\/wp-content\/uploads\/2025\/10\/SAM_7590-scaled-e1759432238945.jpg"},{"@type":"BreadcrumbList","@id":"https:\/\/www.vilaradolca.com\/sl\/informacijski-vodnik-za-goste\/#breadcrumb","itemListElement":[{"@type":"ListItem","position":1,"name":"Home","item":"https:\/\/www.vilaradolca.com\/sl\/"},{"@type":"ListItem","position":2,"name":"Informacijski vodnik za goste"}]},{"@type":"WebSite","@id":"https:\/\/www.vilaradolca.com\/sl\/#website","url":"https:\/\/www.vilaradolca.com\/sl\/","name":"Vila Radolca","description":"Namestitve Vile Radolce","publisher":{"@id":"https:\/\/www.vilaradolca.com\/sl\/#organization"},"potentialAction":[{"@type":"SearchAction","target":{"@type":"EntryPoint","urlTemplate":"https:\/\/www.vilaradolca.com\/sl\/?s={search_term_string}"},"query-input":{"@type":"PropertyValueSpecification","valueRequired":true,"valueName":"search_term_string"}}],"inLanguage":"sl-SI"},{"@type":"Organization","@id":"https:\/\/www.vilaradolca.com\/sl\/#organization","name":"Villa Medita","url":"https:\/\/www.vilaradolca.com\/sl\/","logo":{"@type":"ImageObject","inLanguage":"sl-SI","@id":"https:\/\/www.vilaradolca.com\/sl\/#\/schema\/logo\/image\/","url":"https:\/\/www.vilaradolca.com\/wp-content\/uploads\/2023\/01\/accusoft-1.svg","contentUrl":"https:\/\/www.vilaradolca.com\/wp-content\/uploads\/2023\/01\/accusoft-1.svg","width":640,"height":512,"caption":"Villa Medita"},"image":{"@id":"https:\/\/www.vilaradolca.com\/sl\/#\/schema\/logo\/image\/"}}]}},"_links":{"self":[{"href":"https:\/\/www.vilaradolca.com\/sl\/wp-json\/wp\/v2\/pages\/11199","targetHints":{"allow":["GET"]}}],"collection":[{"href":"https:\/\/www.vilaradolca.com\/sl\/wp-json\/wp\/v2\/pages"}],"about":[{"href":"https:\/\/www.vilaradolca.com\/sl\/wp-json\/wp\/v2\/types\/page"}],"author":[{"embeddable":true,"href":"https:\/\/www.vilaradolca.com\/sl\/wp-json\/wp\/v2\/users\/10"}],"replies":[{"embeddable":true,"href":"https:\/\/www.vilaradolca.com\/sl\/wp-json\/wp\/v2\/comments?post=11199"}],"version-history":[{"count":14,"href":"https:\/\/www.vilaradolca.com\/sl\/wp-json\/wp\/v2\/pages\/11199\/revisions"}],"predecessor-version":[{"id":11329,"href":"https:\/\/www.vilaradolca.com\/sl\/wp-json\/wp\/v2\/pages\/11199\/revisions\/11329"}],"wp:attachment":[{"href":"https:\/\/www.vilaradolca.com\/sl\/wp-json\/wp\/v2\/media?parent=11199"}],"curies":[{"name":"wp","href":"https:\/\/api.w.org\/{rel}","templated":true}]}}